{"id":14698,"date":"2021-10-27T21:17:55","date_gmt":"2021-10-27T19:17:55","guid":{"rendered":"https:\/\/chartedefontevraultprovidentialisme.wordpress.com\/?page_id=14698"},"modified":"2021-10-29T23:06:47","modified_gmt":"2021-10-29T21:06:47","slug":"sylmpedia-2-charte-de-fontevrault","status":"publish","type":"page","link":"https:\/\/charte-fontevrault-providentialisme.fr\/index.php\/sylmpedia-2-charte-de-fontevrault\/","title":{"rendered":"Charte de Fontevrault"},"content":{"rendered":"<h1 id=\"firstHeading\" class=\"firstHeading\"><span dir=\"auto\">Charte de Fontevrault<\/span><\/h1>\n<div id=\"bodyContent\" class=\"mw-body\">\n<div id=\"mw-content-text\" class=\"mw-content-ltr\" dir=\"ltr\" lang=\"fr\">\n<p>(page existante sur <a href=\"https:\/\/www.sylmpedia.fr\/index.php?title=Charte_de_Fontevrault#Profession_de_foi_du_Royalisme_providentialiste\">Sylmpedia<\/a>)<\/p>\n<p>La Charte de Fontevrault est un mouvement qui se qualifie de providentialiste en ce sens qu&#8217;elle s&#8217;en remet en toute confiance dans le projet du Christ pour la France (Kardaillac) en ne soutenant donc, notamment, aucun des deux courants royalistes que sont le <a class=\"new\" title=\"L\u00e9gitimisme (page inexistante)\" href=\"http:\/\/www.sylmpedia.fr\/index.php?title=L%C3%A9gitimisme&amp;action=edit&amp;redlink=1\">L\u00e9gitimisme<\/a> et l&#8217;<a class=\"new\" title=\"Orl\u00e9anisme (page inexistante)\" href=\"http:\/\/www.sylmpedia.fr\/index.php?title=Orl%C3%A9anisme&amp;action=edit&amp;redlink=1\">Orl\u00e9anisme<\/a>. A ces pri\u00e8res, elle joint naturellement l&#8217;action militante et c&#8217;est ce qui la diff\u00e9rencie du <a title=\"Qui\u00e9tisme\" href=\"http:\/\/www.sylmpedia.fr\/index.php?title=Qui%C3%A9tisme\">Qui\u00e9tisme<\/a>.<\/p>\n<p>Ce courant providentialiste, fond\u00e9 le 25 ao\u00fbt 1988 en l&#8217;Abbaye royale de Fontevraud, s\u2019en remet \u00e0 Dieu du point de savoir qui doit \u00eatre Son lieutenant sur le tr\u00f4ne de France tout en appelant les militants royalistes \u00e0 cesser leurs querelles fratricides<\/p>\n<p>En 2013, la Charte de Fontevrault a rejoint la <a title=\"Conf\u00e9rence monarchiste internationale\" href=\"http:\/\/www.sylmpedia.fr\/index.php?title=Conf%C3%A9rence_monarchiste_internationale\">Conf\u00e9rence monarchiste internationale<\/a><\/p>\n<table id=\"toc\" class=\"toc\">\n<tbody>\n<tr>\n<td>\n<div id=\"toctitle\">\n<h2>Sommaire<\/h2>\n<\/div>\n<ul>\n<li class=\"toclevel-1 tocsection-1\"><a href=\"http:\/\/index.php\/sylmpedia-2-charte-de-fontevrault\/#Profession_de_foi_du_Royalisme_providentialiste\"><span class=\"tocnumber\">1<\/span> <span class=\"toctext\">Profession de foi du Royalisme providentialiste<\/span><\/a><\/li>\n<li class=\"toclevel-1 tocsection-2\"><a href=\"\/index.php\/sylmpedia-2-charte-de-fontevrault\/#Deux_des_commandements_du_Pater_Noster.2C_fondement_des_actions_de_la_Charte_de_Fontevrault\"><span class=\"tocnumber\">2<\/span> <span class=\"toctext\">Deux des commandements du Pater Noster, fondement des actions de la Charte de Fontevrault<\/span><\/a><\/li>\n<li class=\"toclevel-1 tocsection-3\"><a href=\"\/index.php\/sylmpedia-2-charte-de-fontevrault\/#La_naissance_de_la_Charte_de_Fontevrault\"><span class=\"tocnumber\">3<\/span> <span class=\"toctext\">La naissance de la Charte de Fontevrault<\/span><\/a><\/li>\n<li class=\"toclevel-1 tocsection-4\"><a href=\"\/index.php\/sylmpedia-2-charte-de-fontevrault\/#Les_engagements_d.27honneur_pris_par_les_Fontevristes\"><span class=\"tocnumber\">4<\/span> <span class=\"toctext\">Les engagements d&#8217;honneur pris par les <i>Fontevristes<\/i><\/span><\/a><\/li>\n<li class=\"toclevel-1 tocsection-5\"><a href=\"\/index.php\/sylmpedia-2-charte-de-fontevrault\/#Les_r.C3.A8gles_de_politesse_dynastique_fontevriste\"><span class=\"tocnumber\">5<\/span> <span class=\"toctext\">Les r\u00e8gles de politesse dynastique fontevriste<\/span><\/a><\/li>\n<li class=\"toclevel-1 tocsection-6\"><a href=\"\/index.php\/sylmpedia-2-charte-de-fontevrault\/#Les_dirigeants_de_la_Charte_de_Fontevrault\"><span class=\"tocnumber\">6<\/span> <span class=\"toctext\">Les dirigeants de la Charte de Fontevrault<\/span><\/a><\/li>\n<li class=\"toclevel-1 tocsection-7\"><a href=\"\/index.php\/sylmpedia-2-charte-de-fontevrault\/#Les_actions_de_la_Charte_de_Fontevrault\"><span class=\"tocnumber\">7<\/span> <span class=\"toctext\">Les actions de la Charte de Fontevrault<\/span><\/a><\/li>\n<li class=\"toclevel-1 tocsection-8\"><a href=\"\/index.php\/sylmpedia-2-charte-de-fontevrault\/#Les_r.C3.A9compenses_de_la_Charte_de_Fontevrault\"><span class=\"tocnumber\">8<\/span> <span class=\"toctext\">Les r\u00e9compenses de la Charte de Fontevrault<\/span><\/a><\/li>\n<li><a href=\"\/index.php\/sylmpedia-2-charte-de-fontevrault\/#Les_r.C3.A9compenses_de_la_Charte_de_Fontevrault\">9 <span class=\"toctext\">Les r\u00e9compens\u00e9s de la Charte de Fontevrault<\/span><\/a><\/li>\n<li><a href=\"\/index.php\/sylmpedia-2-charte-de-fontevrault\/#obituaire\">10 <span class=\"toctext\">Obituaire fontevriste<\/span><\/a><\/li>\n<li class=\"toclevel-1 tocsection-9\"><a href=\"\/index.php\/sylmpedia-2-charte-de-fontevrault\/#Etendart_de_la_Charte_de_Fontevrault-Providentialisme\">11 <span class=\"toctext\">Etendart de la Charte de Fontevrault-Providentialisme<\/span><\/a><\/li>\n<li class=\"toclevel-1 tocsection-10\"><a href=\"\/index.php\/sylmpedia-2-charte-de-fontevrault\/#Liens_internes\"><span class=\"tocnumber\">12<\/span>\u00a0<span class=\"toctext\">Liens internes<\/span><\/a><\/li>\n<li class=\"toclevel-1 tocsection-11\"><a href=\"\/index.php\/sylmpedia-2-charte-de-fontevrault\/#Liens_externes\"><span class=\"tocnumber\">13<\/span>\u00a0<span class=\"toctext\">Liens externes<\/span><\/a><\/li>\n<\/ul>\n<\/td>\n<\/tr>\n<\/tbody>\n<\/table>\n<h2><span id=\"Profession_de_foi_du_Royalisme_providentialiste\" class=\"mw-headline\">Profession de foi du Royalisme providentialiste<\/span><\/h2>\n<div class=\"thumb tleft\">\n<div class=\"thumbinner\">\n<p><a class=\"image\" href=\"http:\/\/www.sylmpedia.fr\/index.php?title=Fichier:Charte_fontevrault.jpg\"><img loading=\"lazy\" decoding=\"async\" class=\"thumbimage\" src=\"http:\/\/www.sylmpedia.fr\/images\/thumb\/1\/15\/Charte_fontevrault.jpg\/200px-Charte_fontevrault.jpg\" alt=\"\" width=\"200\" height=\"78\" \/><\/a><\/p>\n<div class=\"thumbcaption\">\n<div class=\"magnify\"><a class=\"internal\" title=\"Agrandir\" href=\"http:\/\/www.sylmpedia.fr\/index.php?title=Fichier:Charte_fontevrault.jpg\"><img loading=\"lazy\" decoding=\"async\" src=\"http:\/\/www.sylmpedia.fr\/skins\/common\/images\/magnify-clip.png\" alt=\"\" width=\"15\" height=\"11\" \/><\/a><\/div>\n<p>L&#8217;embl\u00e8me de la Charte de Fontevrault, dessin de G\u00e9rard de Vill\u00e8le.<\/p>\n<\/div>\n<\/div>\n<\/div>\n<div class=\"thumb tright\">\n<div class=\"thumbinner\">\n<p><a class=\"image\" href=\"http:\/\/www.sylmpedia.fr\/index.php?title=Fichier:Cropped-bannierecfp_25.jpg\"><img loading=\"lazy\" decoding=\"async\" class=\"thumbimage\" src=\"http:\/\/www.sylmpedia.fr\/images\/thumb\/2\/23\/Cropped-bannierecfp_25.jpg\/400px-Cropped-bannierecfp_25.jpg\" alt=\"\" width=\"400\" height=\"84\" \/><\/a><\/p>\n<div class=\"thumbcaption\">\n<div class=\"magnify\"><a class=\"internal\" title=\"Agrandir\" href=\"http:\/\/www.sylmpedia.fr\/index.php?title=Fichier:Cropped-bannierecfp_25.jpg\"><img loading=\"lazy\" decoding=\"async\" src=\"http:\/\/www.sylmpedia.fr\/skins\/common\/images\/magnify-clip.png\" alt=\"\" width=\"15\" height=\"11\" \/><\/a><\/div>\n<p>Nouvel embl\u00e8me de la Charte de Fontevrault-Providentialisme , toujours dessin\u00e9 par le Grand Imagier de la Charte, G\u00e9rard de Vill\u00e8le, celui frapp\u00e9 du Sacr\u00e9-C\u0153ur<\/p>\n<\/div>\n<\/div>\n<\/div>\n<ul>\n<li>Puisque les militants au service de princes diff\u00e9rents mais tous en lice pour le tr\u00f4ne de France et de Navarre paraissent pr\u00e9senter des arguments convaincants mais qui malheureusement, s&#8217;excluent l&#8217;un l&#8217;autre .<\/li>\n<\/ul>\n<ul>\n<li>Puisque les militants royalistes passent sans doute plus de temps \u00e0 se critiquer l&#8217;un l&#8217;autre qu&#8217; \u00e0 combattre un r\u00e9gime qu&#8217;ils accusent de tous les maux . Puisqu&#8217;il n&#8217;y a qu&#8217;une place sur le tr\u00f4ne des Lys et que depuis 1789, la monarchie fran\u00e7aise n&#8217;a jamais \u00e9t\u00e9 refond\u00e8e d&#8217;un mani\u00e8re qui en assurerait la p\u00e9rennit\u00e9 .<\/li>\n<\/ul>\n<ul>\n<li>Puisque la premi\u00e8re question pos\u00e9e par un royaliste qui rencontre un autre royaliste est <b>Quel prince servez-vous<\/b>\u00a0? et non <b>Comment pouvons nous agir pour rendre au roi son tr\u00f4ne et \u00e0 la France, son avenir<\/b> .<\/li>\n<\/ul>\n<ul>\n<li>Pourquoi ne pas s&#8217;en remettre maintenant \u00e0 Dieu pour d\u00e9signer qui doit \u00eatre Son Lieutenant au pays de la Fille a\u00een\u00e9e de l&#8217;Eglise: Telle est l&#8217;intuition reprise, apr\u00e8s qu&#8217;elle ait \u00e9t\u00e9 port\u00e9e par un certain nombre de mouvements royalistes, par la Charte de Fontevrault.<\/li>\n<\/ul>\n<h2><span id=\"Deux_des_commandements_du_Pater_Noster.2C_fondement_des_actions_de_la_Charte_de_Fontevrault\" class=\"mw-headline\">Deux des commandements du Pater Noster, fondement des actions de la Charte de Fontevrault<\/span><\/h2>\n<p>La Charte ne demande pas autre chose aux royalistes que de vivre leur militantisme en chr\u00e9tiens.<\/p>\n<ul>\n<li>Soumission \u00e0 la Volont\u00e9 divine y compris s&#8217;agissant de qui doit \u00eatre Le Lieutenant de Dieu sur le tr\u00f4ne de France en application du commandement \u00a0: <i>Que Votre volont\u00e9 soit faite sur la terre comme au Ciel.<\/i> Or le tr\u00f4ne c&#8217;est aussi la terre.<\/li>\n<\/ul>\n<p>Nous ne pouvons donc pas prier le Notre P\u00e8re en disant Que Votre volont\u00e9 soit faite sur la terre comme au Ciel sauf pour le tr\u00f4ne de France o\u00f9 l\u00e0 , Seigneur, il en ira selon ma volont\u00e9 et non selon la V\u00f4tre.<\/p>\n<ul>\n<li>Pardon des offenses commises par des militants servant un autre prince que le sien en application du commandement\u00a0: <i>Pardonnez nous nos offenses comme nous pardonnons \u00e0 ceux qui nous ont offens\u00e9s.<\/i> Il ne nous est donc pas possible de qualifier un prince de descendant de r\u00e9gicide ou un autre de prince \u00e9tranger. Et si nous l\u2019avons fait, nous devons le regretter et nous en abstenir d\u00e9sormais.<\/li>\n<\/ul>\n<p>Confions les deux r\u00e9solutions ci-dessus \u00e0 saint Jean-Baptiste , le Pr\u00e9curseur, saint patron de la Charte de Fontevrault et \u00e0 sainte Marie-Madeleine protectrice des dirigeants de la Charte.<\/p>\n<h2><span id=\"La_naissance_de_la_Charte_de_Fontevrault\" class=\"mw-headline\">La naissance de la Charte de Fontevrault<\/span><\/h2>\n<p>La <b>Charte de Fontevrault<\/b> &#8220;<i>Fid\u00e9lit\u00e9-Unit\u00e9 royale<\/i>&#8221; est un mouvement royaliste qui a \u00e9t\u00e9 fond\u00e9 par l&#8217;universitaire , aujourd&#8217;hui en retraite, <a title=\"Alain Texier\" href=\"http:\/\/www.sylmpedia.fr\/index.php?title=Alain_Texier\">Alain Texier<\/a> &#8220;<i>entre mill\u00e9naire (1987) et bicentenaire (1989)<\/i>&#8220;, le 25 ao\u00fbt 1988 en l\u2019Abbaye royale de Fontevrault, abbaye situ\u00e9e \u00e0 10 Km au sud-est de Saumur (Anjou-Maine et Loire) et qui constitue le plus vaste ensemble monastique subsistant d\u2019Occident.<\/p>\n<div class=\"thumb tright\">\n<div class=\"thumbinner\">\n<p><a class=\"image\" href=\"http:\/\/www.sylmpedia.fr\/index.php?title=Fichier:P1010589.JPG\"><img loading=\"lazy\" decoding=\"async\" class=\"thumbimage\" src=\"http:\/\/www.sylmpedia.fr\/images\/thumb\/e\/e6\/P1010589.JPG\/250px-P1010589.JPG\" alt=\"\" width=\"250\" height=\"333\" \/><\/a><\/p>\n<div class=\"thumbcaption\">\n<div class=\"magnify\"><a class=\"internal\" title=\"Agrandir\" href=\"http:\/\/www.sylmpedia.fr\/index.php?title=Fichier:P1010589.JPG\"><img loading=\"lazy\" decoding=\"async\" src=\"http:\/\/www.sylmpedia.fr\/skins\/common\/images\/magnify-clip.png\" alt=\"\" width=\"15\" height=\"11\" \/><\/a><\/div>\n<p>Chevet de l&#8217;Abbatiale Sainte-Marie de Fontevraud<\/p>\n<\/div>\n<\/div>\n<\/div>\n<p>Le choix de cette abbaye royale pour cette fondation a au moins quatre justifications\u00a0:<\/p>\n<ul>\n<li>La fondation en ce lieu au carrefour de l&#8217;Anjou, de la Touraine et du Poitou -o\u00f9 son emprise a atteint jusqu&#8217;\u00e0 13 ha- de l&#8217;ordre monastique de Fontevraud en 1101, ordre monastique \u00e0 qui la Charte de Fontevrault a emprunt\u00e9 ses fondements chr\u00e9tiens<\/li>\n<\/ul>\n<ul>\n<li>Les protections successives des Plantagen\u00eats et des rois de France; Le fait que cette abbaye- chef d\u2019ordre monastique- ait \u00e9t\u00e9 gouvern\u00e9e de 1115 \u00e0 1792 par 36 abbesses dont plus de la moiti\u00e9 \u00e9taitent de sang royal.<\/li>\n<\/ul>\n<ul>\n<li>La constatation qu&#8217;elle sert de tombe; n&#8217;a t&#8217;elle pas \u00e9t\u00e9 qualifi\u00e9e de &#8221; Panth\u00e9on des Plantagen\u00eats&#8221; \u00e0 des rois, reines et princesses anglais, Anglais avec qui nous avons \u00e9t\u00e9 si longtemps en guerre.<\/li>\n<\/ul>\n<ul>\n<li>La r\u00e9f\u00e9rence \u00e0 deux des voix de sainte Jeanne d&#8217;Arc au coeur du bourg et en un endroit choisi\u00a0: une all\u00e9e <i>Sainte Catherine<\/i> conduisant \u00e0 l&#8217;\u00e9glise paroissiale<i> Saint Michel<\/i>.<\/li>\n<\/ul>\n<p>L&#8217;Abbaye royale de Fontevrault est donc plus propice que bien des lieux au dialogue entre royalistes servant des princes diff\u00e9rents. Pourquoi ne pas dire aussi que l&#8217;accueil r\u00e9serv\u00e9 aux fontevristes par M. l&#8217;Abb\u00e9 Pohu, \u00e0 l&#8217;\u00e9poque Cur\u00e9 de la paroisse, fut pour beaucoup dans la naissance ce ce mouvement qui sert plus le principe que le prince. Car si le royalisme pr\u00e9sente bien un avantage sur la r\u00e9publique, c&#8217;est de servir un id\u00e9al incarn\u00e9 en un homme et non une statue de pl\u00e2tre eut-elle les traits d&#8217;une s\u00e9duisante personne\u00a0?<\/p>\n<h2><span id=\"Les_engagements_d.27honneur_pris_par_les_Fontevristes\" class=\"mw-headline\">Les engagements d&#8217;honneur pris par les <i>Fontevristes<\/i><\/span><\/h2>\n<p>Les \u201cFontevristes \u201c s\u2019engagent \u00e0 vivre leur vie de royalistes en chr\u00e9tiens consid\u00e9rant que la <b>Charte de Fontevrault<\/b> est h\u00e9riti\u00e8re, au m\u00eame titre que les autres mouvements royalistes, de la tradition royale, parce que chr\u00e9tienne, de la Monarchie fran\u00e7aise.<\/p>\n<p><a class=\"mw-redirect\" title=\"Providentialisme\" href=\"http:\/\/www.sylmpedia.fr\/index.php?title=Providentialisme\">Providentialiste<\/a>, la Charte de Fontevrault s\u2019en remet \u00e0 Dieu pour savoir qui doit r\u00e9gner sur le tr\u00f4ne de France selon le principe du &#8221; Que la Volont\u00e9 de Dieu soit faite sur la terre comme au Ciel&#8221;. En attendant, elle pr\u00f4ne le respect mutuel entre royalistes servant des princes diff\u00e9rents et dont les coordonn\u00e9es figurent dans AROM<\/p>\n<div class=\"thumb tleft\">\n<div class=\"thumbinner\">\n<p><a class=\"image\" href=\"http:\/\/www.sylmpedia.fr\/index.php?title=Fichier:Arom_2.jpg\"><img loading=\"lazy\" decoding=\"async\" class=\"thumbimage\" src=\"http:\/\/www.sylmpedia.fr\/images\/thumb\/b\/bf\/Arom_2.jpg\/200px-Arom_2.jpg\" alt=\"\" width=\"200\" height=\"89\" \/><\/a><\/p>\n<div class=\"thumbcaption\">\n<div class=\"magnify\"><a class=\"internal\" title=\"Agrandir\" href=\"http:\/\/www.sylmpedia.fr\/index.php?title=Fichier:Arom_2.jpg\"><img loading=\"lazy\" decoding=\"async\" src=\"http:\/\/www.sylmpedia.fr\/skins\/common\/images\/magnify-clip.png\" alt=\"\" width=\"15\" height=\"11\" \/><\/a><\/div>\n<p>L&#8217;embl\u00e8me d&#8217;AROM, dessin de G\u00e9rard de Vill\u00e8le.<\/p>\n<\/div>\n<\/div>\n<\/div>\n<p>et le pardon des offenses, p\u00e9ch\u00e9 si souvent commis dans le combat militant. Au del\u00e0 de cette exigence d\u2019ordre moral, car la Charte a toujours \u00e9t\u00e9 persuad\u00e9e -et comment ne pas l&#8217;\u00eatre- qu&#8217;\u00e0 la pri\u00e8re devait \u00eatre unie l&#8217;action et r\u00e9ciproquement , la Charte appelle \u00e0 agir comme si tout d\u00e9pendait de soi et \u00e0 prier comme si tout d\u00e9pendait de Dieu.<\/p>\n<h2><span id=\"Les_r.C3.A8gles_de_politesse_dynastique_fontevriste\" class=\"mw-headline\">Les r\u00e8gles de politesse dynastique fontevriste<\/span><\/h2>\n<div class=\"thumb tright\">\n<div class=\"thumbinner\">\n<p><a class=\"image\" href=\"http:\/\/www.sylmpedia.fr\/index.php?title=Fichier:P1050163.JPG\"><img loading=\"lazy\" decoding=\"async\" class=\"thumbimage\" src=\"http:\/\/www.sylmpedia.fr\/images\/thumb\/1\/1a\/P1050163.JPG\/330px-P1050163.JPG\" alt=\"\" width=\"330\" height=\"248\" \/><\/a><\/p>\n<div class=\"thumbcaption\">\n<div class=\"magnify\"><a class=\"internal\" title=\"Agrandir\" href=\"http:\/\/www.sylmpedia.fr\/index.php?title=Fichier:P1050163.JPG\"><img loading=\"lazy\" decoding=\"async\" src=\"http:\/\/www.sylmpedia.fr\/skins\/common\/images\/magnify-clip.png\" alt=\"\" width=\"15\" height=\"11\" \/><\/a><\/div>\n<p>M. L&#8217;Abb\u00e9 de Durat, aum\u00f4nier g\u00e9n\u00e9ral, Pierre Vallino , Gouverneur 2009-2012, Jeanine Le Derff Gouverneur 2012-2015<\/p>\n<\/div>\n<\/div>\n<\/div>\n<p>La Charte de Fontevrault , d\u00e9sireux d&#8217;\u00e9tablir un dialogue entre militants servant des princes diff\u00e9rents , en attendant que Dieu fasse choisir qui soit \u00eatre Son Lieutenant sur le tr\u00f4ne de France, traite les princes avec le titre et les armes m\u00eames que ceux -l\u00e0 se donnent . Ce faisant , elle ne d\u00e9livre pas des brevets de pr\u00e9tendance ou des attestations d&#8217;une descendance ou de port d&#8217;armoiries qui serait meilleure ou non que d&#8217; autre, elle tient simplement compte des affirmations de chacun, seul moyen pour \u00e9viter que le dialogue \u00e0 peine entam\u00e9 ne s&#8217;interrompe aussit\u00f4t.<\/p>\n<p>La justification de ces r\u00e8gles de politesse dynastique est double<\/p>\n<ul>\n<li>Une raison politique d\u2019abord d\u00e9j\u00e0 \u00e9bauch\u00e9e. Instaurer un dialogue entre militants servant un prince diff\u00e9rent afin de combattre le seul v\u00e9ritable ennemi suppose un respect mutuel de tous.D\u00e8s lors commencer la discussion par &#8220;a\u00efeul r\u00e9gicide\u201d ,&#8221; prince \u00e9tranger&#8221;, &#8221; descendant d&#8217;un \u00e9v\u00eaque&#8221; ou \u00ab\u00a0pseudo repr\u00e9sentant de la survivance&#8221; ne peut conduire \u00e0 le convaincre de servir un jour un autre prince que le sien si Dieu en a ainsi d\u00e9cid\u00e9.<\/li>\n<li>Une raison religieuse aussi et surtout, personne ne peut \u00eatre s\u00fbr que Dieu, en restaurant la Monarchie en France, ne choisira pas une hypoth\u00e8se disqualifi\u00e9e par le raisonnement et les recherches, parce que si une personne croit en \u00eatre sure alors c\u2019est qu&#8217;elle se croit -\u00e0 tort- plus forte que Dieu, son cr\u00e9ateur pourtant.<\/li>\n<\/ul>\n<h2><span id=\"Les_dirigeants_de_la_Charte_de_Fontevrault\" class=\"mw-headline\">Les dirigeants de la Charte de Fontevrault<\/span><\/h2>\n<p>1\/ Les aum\u00f4niers g\u00e9n\u00e9raux<\/p>\n<div class=\"thumb tleft\">\n<div class=\"thumbinner\">\n<p><a class=\"image\" href=\"http:\/\/www.sylmpedia.fr\/index.php?title=Fichier:Images.jpg\"><img loading=\"lazy\" decoding=\"async\" class=\"thumbimage\" src=\"http:\/\/www.sylmpedia.fr\/images\/thumb\/b\/b7\/Images.jpg\/180px-Images.jpg\" alt=\"\" width=\"180\" height=\"135\" \/><\/a><\/p>\n<div class=\"thumbcaption\">\n<div class=\"magnify\"><a class=\"internal\" title=\"Agrandir\" href=\"http:\/\/www.sylmpedia.fr\/index.php?title=Fichier:Images.jpg\"><img loading=\"lazy\" decoding=\"async\" src=\"http:\/\/www.sylmpedia.fr\/skins\/common\/images\/magnify-clip.png\" alt=\"\" width=\"15\" height=\"11\" \/><\/a><\/div>\n<p>M. l&#8217;Abb\u00e9 Pohu<\/p>\n<\/div>\n<\/div>\n<\/div>\n<ul>\n<li>M. l&#8217;Abb\u00e9 Pohu, Aum\u00f4nier g\u00e9n\u00e9ral- fondateur (1988-1996) . N\u00e9 le 4 mars 1912. Rappel\u00e9 \u00e0 Dieu le 5 d\u00e9cembre 2008) par ailleurs cur\u00e9 de la paroisse de Fontevraud l&#8217;Abbaye \u00e0 sa prise de fonctions.<\/li>\n<li>M.l&#8217;Abb\u00e9 Jehan de Dur\u00e2t (1996) au surplus aum\u00f4nier de <i>A Pontmain, Supplique \u00e0 Dieu pour le retour du roi<\/i><\/li>\n<\/ul>\n<p>2\/ Les responsables supr\u00eames Il est \u00e0 remarquer que sans qu\u2019il ait \u00e9t\u00e9 besoin de pr\u00e9voir des r\u00e9gles , des normes, des quotas\u2026 et toutes ces sortes de choses dont la R\u00e9publique raffole dans ce d\u00e9sir prom\u00e9th\u00e9en d\u2019essayer de changer l\u2019homme\u00a0; sans qu\u2019il ait \u00e9t\u00e9 besoin donc de tout cel\u00e0, Hommes et femmes se succ\u00e9dent \u00e9quitablement \u00e0 la t\u00eate de la Charte<\/p>\n<div class=\"thumb tright\">\n<div class=\"thumbinner\">\n<p><a class=\"image\" href=\"http:\/\/www.sylmpedia.fr\/index.php?title=Fichier:P1040439.JPG\"><img loading=\"lazy\" decoding=\"async\" class=\"thumbimage\" src=\"http:\/\/www.sylmpedia.fr\/images\/thumb\/e\/ee\/P1040439.JPG\/220px-P1040439.JPG\" alt=\"\" width=\"220\" height=\"200\" \/><\/a><\/p>\n<div class=\"thumbcaption\">\n<div class=\"magnify\"><a class=\"internal\" title=\"Agrandir\" href=\"http:\/\/www.sylmpedia.fr\/index.php?title=Fichier:P1040439.JPG\"><img loading=\"lazy\" decoding=\"async\" src=\"http:\/\/www.sylmpedia.fr\/skins\/common\/images\/magnify-clip.png\" alt=\"\" width=\"15\" height=\"11\" \/><\/a><\/div>\n<p>Alain Texier, Pierre Vallino , Gouverneur 2009-2012, Jeanine Le Derff Gouverneur 2012-2015, lors de la Biennale blanche 2011<\/p>\n<\/div>\n<\/div>\n<\/div>\n<ul>\n<li>1- Alain TEXIER, Pr\u00e9sident fondateur (1988-1991)<\/li>\n<li>2- Herv\u00e9 VOLTO , (1991-1994<\/li>\n<li>3- Liliane YANELLI de ANGELIS (1994-1997 )<\/li>\n<li>4- Mich\u00e9le DEVERT (1997-2000) <b>R.I.P.<\/b> <i>Merci de prier pour elle.<\/i><\/li>\n<li>5- Raymond ALLONGE (2000-2003)<\/li>\n<li>6- Andr\u00e9 CLERT ( 2003-2006)<\/li>\n<li>7- Ir\u00e8ne PINCEMAILLE (2006-2009)<\/li>\n<li>8- Pierre VALLINO (2009-2012)<\/li>\n<li>9- Jeanine LE DERFF (2012-2015)<\/li>\n<li>10- Claude LABALLE (2015-2018)<\/li>\n<li>11- Annie ROBERT (2018-2021)<\/li>\n<li>12- Fran\u00e7ois-Xavier Pachot (2021-&#8230;)<\/li>\n<\/ul>\n<h2><span id=\"Les_actions_de_la_Charte_de_Fontevrault\" class=\"mw-headline\">Les actions de la Charte de Fontevrault<\/span><\/h2>\n<ul>\n<li><b>Au plan interne<\/b>:<\/li>\n<\/ul>\n<p><b>La Charte de Fontevrault<\/b> organise tous les ans, depuis1988 &#8211; entre le mill\u00e9naire des Cap\u00e9tiens (1987) et le bicentenaire de la r\u00e9volution dite fran\u00e7aise de 1789 en l&#8217;Abbaye royale de Fontevrault, au carrefour de l&#8217;Anjou, de la Touraine et du Poitou, le 25 ao\u00fbt (jour de la Saint-Louis, Louis qui est un pr\u00e9nom port\u00e9 par les rois des deux familles qui ont r\u00e9gn\u00e9 sur la France)<\/p>\n<div class=\"thumb tleft\">\n<div class=\"thumbinner\">\n<p><a class=\"image\" href=\"http:\/\/www.sylmpedia.fr\/index.php?title=Fichier:P1050152_2.JPG\"><img loading=\"lazy\" decoding=\"async\" class=\"thumbimage\" src=\"http:\/\/www.sylmpedia.fr\/images\/thumb\/f\/f1\/P1050152_2.JPG\/180px-P1050152_2.JPG\" alt=\"\" width=\"180\" height=\"141\" \/><\/a><\/p>\n<div class=\"thumbcaption\">\n<div class=\"magnify\"><a class=\"internal\" title=\"Agrandir\" href=\"http:\/\/www.sylmpedia.fr\/index.php?title=Fichier:P1050152_2.JPG\"><img loading=\"lazy\" decoding=\"async\" src=\"http:\/\/www.sylmpedia.fr\/skins\/common\/images\/magnify-clip.png\" alt=\"\" width=\"15\" height=\"11\" \/><\/a><\/div>\n<p>Devant la tombe de M. l&#8217;abb\u00e9 Pohu; M. l&#8217;aum\u00f4nier g\u00e9n\u00e9ral de Durat, Mme le Gouverneur Jeanine le Derff, le past-Gouverneur Pierre Vallino et la secr\u00e9taire g\u00e9n\u00e9rale de la Charte\u00a0; Mme Claudine Valenti.<\/p>\n<\/div>\n<\/div>\n<\/div>\n<ul>\n<li>&#8221; les Rencontres Fontevristes&#8221; . Ces Rencontres, pr\u00e9c\u00e9d\u00e9es d\u2019une neuvaine de pr\u00e9paration spirituelle, sont ouvertes \u00e0 tous les mouvements royalistes et alli\u00e9s\u00a0:(Alliance Chr\u00e9tienne, <a title=\"SYLM\" href=\"http:\/\/www.sylmpedia.fr\/index.php?title=SYLM\">SYLM<\/a>, <a title=\"Alliance royale\" href=\"http:\/\/www.sylmpedia.fr\/index.php?title=Alliance_royale\">Alliance royale<\/a>, <a title=\"Groupe d'action royaliste\" href=\"http:\/\/www.sylmpedia.fr\/index.php?title=Groupe_d%27action_royaliste\">Groupe d&#8217;action royaliste<\/a>, Conseil dans l\u2019esp\u00e9rance du Roi\u2026)<\/li>\n<li>Ces Rencontres qui ont toujours pris place \u00e0 Fontevraud l\u2019Abbaye m\u00eame ( Abbaye, Bourg) se d\u00e9roulent selon un c\u00e9r\u00e9monial immuable depuis 1988. Recueillement aupr\u00e8s du monument aux morts en souvenir de tous ceux qui ont fait le sacrifice de leur vie depuis 496 pour que la France vive. Procession priante aux drapeaux le long de l\u2019all\u00e9e Sainte Catherine vers l\u2019\u00e9glise paroissiale Saint Michel ( Deux des voix de sainte Jeanne d\u2019Arc). Messe c\u00e9l\u00e9br\u00e9e par notre Aum\u00f4nier g\u00e9n\u00e9ral. Recueillement au cimeti\u00e8re de Fontevraud o\u00f9 M. l\u2019Abb\u00e9 de Durat prie le <i>Subvenite<\/i> devant la tombe de notre aum\u00f4nier G\u00e9n\u00e9ral fondateur pour le repos de son \u00e2me.(Voir photo ci-contre). D\u00e9jeuner des Rencontres . Chap\u00eetre ( Assembl\u00e9e g\u00e9n\u00e9rale) de la Charte de Fontevrault.<\/li>\n<\/ul>\n<ul>\n<li><b>Au plan trans-courants<\/b><\/li>\n<\/ul>\n<p>La Charte de Fontevrault a pris l&#8217;initiative de r\u00e9unir \u00e0 Paris sans exclusion, sans exclusive, tous les militants royalistes de bonne volont\u00e9 lors de la &#8220;<b>Biennale Blanche<\/b>&#8221; (19 septembre 2009, samedi 17 septembre 2011&#8230;)<\/p>\n<div class=\"thumb tright\">\n<div class=\"thumbinner\">\n<p><a class=\"image\" href=\"http:\/\/www.sylmpedia.fr\/index.php?title=Fichier:1253019790_tmp_fontevrault.jpg\"><img loading=\"lazy\" decoding=\"async\" class=\"thumbimage\" src=\"http:\/\/www.sylmpedia.fr\/images\/thumb\/a\/ae\/1253019790_tmp_fontevrault.jpg\/150px-1253019790_tmp_fontevrault.jpg\" alt=\"\" width=\"150\" height=\"186\" \/><\/a><\/p>\n<div class=\"thumbcaption\">\n<div class=\"magnify\"><a class=\"internal\" title=\"Agrandir\" href=\"http:\/\/www.sylmpedia.fr\/index.php?title=Fichier:1253019790_tmp_fontevrault.jpg\"><img loading=\"lazy\" decoding=\"async\" src=\"http:\/\/www.sylmpedia.fr\/skins\/common\/images\/magnify-clip.png\" alt=\"\" width=\"15\" height=\"11\" \/><\/a><\/div>\n<p>La Biennale Blanche de la Charte de Fontevrault, dessin de G\u00e9rard de Vill\u00e8le, grand imagier de la Charte de Fontevrault<\/p>\n<\/div>\n<\/div>\n<\/div>\n<p>La prochaine se tiendra le samedi 12 octobre 2013 avec le soutien financier exclusif du SYLM. Biennale Blanche . 19 septembre 2019 1789-2009. 220 ans apr\u00e8s,Les royalistes &#8230; le retour\u00a0! \/ Biennale Blanche . 17 septembre 2011. L\u2019odyss\u00e9e de l\u2019esp\u00e8ce royaliste \/ Biennale Blanche . 12 octobre 2013. Changer d\u2019 \u00ab\u00a0R\u00a0\u00bb. La r\u00e9publique vous d\u00e9\u00e7oit, Essayez le Roi.<\/p>\n<ul>\n<li><b>L&#8217;appel \u00e0 la r\u00e9gence du duc d&#8217;Anjou<\/b>. Approfondissant son analyse et prenant en compte la difficult\u00e9 que certains royalistes pouvaient \u00e9prouver \u00e0 servir le principe royal sans qu&#8217;il s&#8217;incarne en un homme; la Charte de Fontevrault a d\u00e9velopp\u00e9 une id\u00e9e initi\u00e9e par le CRIL 17 ( Centre de recherches informatiques sur Louis XVII) et consistant \u00e0 appeler \u00e0 la r\u00e9gence ( Royalistes r\u00e9gentistes) l&#8217;<i>a\u00een\u00e9 visible des Bourbons<\/i> le duc d&#8217;Anjou, le duc d&#8217;Anjou et non Louis XX.<\/li>\n<\/ul>\n<ul>\n<li><b>Au plan \u00e9lectronique<\/b><\/li>\n<\/ul>\n<p>Elle a mis en ligne depuis le 3 d\u00e9cembre 2008 , le <b>blog de la Charte de Fontevrault<\/b>, blog support du courant des Royalistes providentialistes et depuis le 2 mars 2009, <b>l\u2019AROM \u00e9lectronique<\/b> (Annuaire Royaliste des Organisations et Mouvements) h\u00e9ritier d\u2019une version papier publi\u00e9e en 1996 sous le titre \u00ab\u00a0Annuaire du XVe centenaire (496-1996) de la vocation chr\u00e9tienne de la France.<\/p>\n<h2><span id=\"Les_r.C3.A9compenses_de_la_Charte_de_Fontevrault\" class=\"mw-headline\">Les r\u00e9compenses de la Charte de Fontevrault<\/span><\/h2>\n<div class=\"thumb tleft\">\n<div class=\"thumbinner\">\n<p><a class=\"image\" href=\"http:\/\/www.sylmpedia.fr\/index.php?title=Fichier:P1040627.JPG\"><img loading=\"lazy\" decoding=\"async\" class=\"thumbimage\" src=\"http:\/\/www.sylmpedia.fr\/images\/thumb\/d\/d3\/P1040627.JPG\/250px-P1040627.JPG\" alt=\"\" width=\"250\" height=\"188\" \/><\/a><\/p>\n<div class=\"thumbcaption\">\n<div class=\"magnify\"><a class=\"internal\" title=\"Agrandir\" href=\"http:\/\/www.sylmpedia.fr\/index.php?title=Fichier:P1040627.JPG\"><img loading=\"lazy\" decoding=\"async\" src=\"http:\/\/www.sylmpedia.fr\/skins\/common\/images\/magnify-clip.png\" alt=\"\" width=\"15\" height=\"11\" \/><\/a><\/div>\n<p>L\u2019atelier de tissage des \u00ab\u00a0honneurs fontevristes\u00a0\u00bb<\/p>\n<\/div>\n<\/div>\n<\/div>\n<p>Nomm\u00e9s &#8220;Honneurs Fontevristes&#8221;, ils comportent trois grades donnant chacun lieu \u00e0 l&#8217;octroi d&#8217;un mouchoir de Cholet<\/p>\n<ul>\n<li>1er grade. Il n\u2019est pas n\u00e9cessaire d\u2019\u00eatre fontevriste (i.e\u00a0; signataire de la charte de Fontevrault) pour en \u00eatre d\u00e9cor\u00e9 m\u00eame si c\u2019est pr\u00e9f\u00e9rable.<\/li>\n<\/ul>\n<ul>\n<li>2\u00e9me grade. Grade r\u00e9serv\u00e9 aux pr\u00e9sidents et gouverneurs de la Charte de Fontevrault.<\/li>\n<\/ul>\n<p>La signature de la Charte de Fontevrault est un pr\u00e9alable n\u00e9cessairement rempli avant l\u2019accession \u00e0 la t\u00eate de la Charte.<\/p>\n<p>Cette d\u00e9coration est automatiquement accord\u00e9e lors du Chapitre g\u00e9n\u00e9ral qui cl\u00f4t la premi\u00e8re ann\u00e9e de fonction \u00e0 la t\u00eate de la Charte.<\/p>\n<p><b>NB.<\/b> Cette id\u00e9e a \u00e9t\u00e9 emprunt\u00e9e \u00e0 la V \u00e9me r\u00e9publique qui d\u00e9core automatiquement le Premier Ministre de la dignit\u00e9 de \u00ab\u00a0Grand-Croix\u00a0\u00bb de l\u2019ordre national du m\u00e9rite apr\u00e8s six mois de fonction.<\/p>\n<ul>\n<li>3 \u00e8me grade. Grade r\u00e9serv\u00e9 aux aum\u00f4niers g\u00e9n\u00e9raux de la Charte de Fontevrault.La question de la signature de la Charte de Fontevrault ne se pose pas pour ces r\u00e9cipiendaires. Depuis la promotion 2005, le nom d&#8217;un titulaire ayant bien servi Dieu et le roi est attribu\u00e9 \u00e0 chaque promotion annuelle .<\/li>\n<\/ul>\n<p>Ces Honneurs pr\u00e9sentent la particularit\u00e9 unique, et tr\u00e8s &#8220;royale&#8221; d&#8217;\u00eatre h\u00e9r\u00e9ditaires , c&#8217;est \u00e0 dire d&#8217;\u00eatre automatiquement transmis \u00e0 un &#8220;Successeur&#8221; d\u00e9sign\u00e9 par le titulaire.<\/p>\n<h2><span id=\"Les_r.C3.A9compenses_de_la_Charte_de_Fontevrault\" class=\"mw-headline\">Les r\u00e9compens\u00e9s de la Charte de Fontevrault<\/span><\/h2>\n<div class=\"thumb tleft\">\n<div class=\"thumbinner\">\n<p><span style=\"font-size: 1rem;\">Chapitre \u00e0 compl\u00e9ter&#8230;<\/span><\/p>\n<h2><span id=\"obituaire\" class=\"mw-headline\">Obituaire fontevriste<\/span><\/h2>\n<div class=\"thumb tleft\">\n<div class=\"thumbinner\">\n<ul>\n<li><a href=\"\/index.php\/ch-obituaire-de-la-charte-de-fontevrault-deces-de-m-labbe-pohu-aumonier-general-de-la-charte-de-fontevrault-rip-quils-reposent-en-paix\/\">L&#8217;abb\u00e9 Pohu<\/a><\/li>\n<\/ul>\n<\/div>\n<\/div>\n<\/div>\n<\/div>\n<h2><span id=\"Etendart_de_la_Charte_de_Fontevrault-Providentialisme\" class=\"mw-headline\">Etendart de la Charte de Fontevrault-Providentialisme<\/span><\/h2>\n<ul>\n<li>Cet \u00e9tendart pr\u00e9sent\u00e9 pour la premi\u00e8re fois lors des rencontres 2013 est tenu haut dans la galerie ext\u00e9rieure de l\u2019\u00e9glise paroissiale Saint-Michel de Fontevraud par Fr\u00e9d\u00e9ric Pachot, Ordonnance de la Charte de Fontevrault.\n<div class=\"thumb tright\">\n<div class=\"thumbinner\">\n<p><a class=\"image\" href=\"http:\/\/www.sylmpedia.fr\/index.php?title=Fichier:DSC05257_2.JPG\"><img loading=\"lazy\" decoding=\"async\" class=\"thumbimage\" src=\"http:\/\/www.sylmpedia.fr\/images\/thumb\/3\/37\/DSC05257_2.JPG\/180px-DSC05257_2.JPG\" alt=\"\" width=\"180\" height=\"120\" \/><\/a><\/p>\n<div class=\"thumbcaption\">\n<div class=\"magnify\"><a class=\"internal\" title=\"Agrandir\" href=\"http:\/\/www.sylmpedia.fr\/index.php?title=Fichier:DSC05257_2.JPG\"><img loading=\"lazy\" decoding=\"async\" src=\"http:\/\/www.sylmpedia.fr\/skins\/common\/images\/magnify-clip.png\" alt=\"\" width=\"15\" height=\"11\" \/><\/a><\/div>\n<p>Etendard de la d\u00e9livrance&#8230; \u00e0 venir.<\/p>\n<\/div>\n<\/div>\n<\/div>\n<\/li>\n<li>L\u2019on notera la pr\u00e9sence du semis de fleurs de lys d\u2019or ( Armes anciennes de France) charg\u00e9 en abyme du Sacr\u00e9-C\u0153ur en ob\u00e9issance aux demandes adress\u00e9es \u00e0 la future Sainte visitandine Marguerite-Marie en 1689. L\u2019on n\u2019oubliera pas , car la fid\u00e9lit\u00e9 \u00e0 ses exigences, les deux cravates nou\u00e9es par le Colonel (e.r) Rougevin-B\u00e2viile( RIP) , Intendant G\u00e9n\u00e9ral de la Charte\u00a0: La blanche \u00e9voquant celle des Commandants en chef de l\u2019arm\u00e9e catholique et royale, la noire sur laquelle est brod\u00e9e le nom de Madame Michelle Devert , Pr\u00e9sidente de la Charte 1997-2000 , rappel\u00e9e \u00e0 Dieu le 18 novembre 2005 .<\/li>\n<\/ul>\n<h2><span id=\"Liens_internes\" class=\"mw-headline\">Liens internes<\/span><\/h2>\n<ul>\n<li><a title=\"Qui\u00e9tisme\" href=\"http:\/\/www.sylmpedia.fr\/index.php?title=Qui%C3%A9tisme\">Qui\u00e9tisme<\/a><\/li>\n<li><a title=\"Royalisme providentialiste\" href=\"http:\/\/www.sylmpedia.fr\/index.php?title=Royalisme_providentialiste\">Royalisme providentialiste<\/a><\/li>\n<li><a title=\"Royalisme r\u00e9gentiste\" href=\"http:\/\/www.sylmpedia.fr\/index.php?title=Royalisme_r%C3%A9gentiste\">Royalisme r\u00e9gentiste<\/a><\/li>\n<\/ul>\n<h2><span id=\"Liens_externes\" class=\"mw-headline\">Liens externes<\/span><\/h2>\n<ul>\n<li><a class=\"external autonumber\" href=\"http:\/\/charte.de.fontevrault.over-blog.com\/\" rel=\"nofollow\">[1]<\/a>: Site officiel de la Charte de Fontevrault.<\/li>\n<li><a class=\"external autonumber\" href=\"http:\/\/www.vexilla-regis.com\/textevr\/Fontevrault.htm\" rel=\"nofollow\">[2]<\/a>\u00a0: Texte de la Charte de Fontevrault<\/li>\n<li><a class=\"external autonumber\" href=\"http:\/\/www.histoirdefrance.fr\/pays\/fontevr1.htm\/\" rel=\"nofollow\">[3]<\/a>\u00a0: le bourg de Fontevrault et son abbaye royale<\/li>\n<li><a class=\"external autonumber\" href=\"http:\/\/dictionnaireordremonastiquedefontevraud.wordpress.com\/\" rel=\"nofollow\">[4]<\/a>\u00a0: Site officiel du Dictionnaire de l&#8217;Ordre monastique de Fontevraud<\/li>\n<li><a class=\"external autonumber\" href=\"http:\/\/royalartillerie.blogspot.com\/2011\/06\/fontevrault-baudricourt.html\" rel=\"nofollow\">[5]<\/a>\u00a0: La charge contre la Charte (de Fontevrault).<\/li>\n<li><a class=\"external autonumber\" href=\"http:\/\/charte.de.fontevrault.over-blog.com\/article-le-top-des-blogs-d-overblog-le-blog-de-la-charte-de-fontevrault-se-hisse-a-la-1202-e-place-91875776.html\/\" rel=\"nofollow\">[6]<\/a>\u00a0: R\u00e9sultats flatteurs du blog de la Charte de Fontevrault<\/li>\n<li><a class=\"external autonumber\" href=\"http:\/\/charte.de.fontevrault-arom.over-blog.com\/\" rel=\"nofollow\">[7]<\/a>\u00a0: Site officiel de l&#8217;Annuaire Royaliste des Organisations et Mouvements (AROM).<\/li>\n<\/ul>\n<\/div>\n<div id=\"catlinks\" class=\"catlinks\">\n<div id=\"mw-normal-catlinks\" class=\"mw-normal-catlinks\">\n<p><a title=\"Sp\u00e9cial:Cat\u00e9gories\" href=\"http:\/\/www.sylmpedia.fr\/index.php?title=Sp%C3%A9cial:Cat%C3%A9gories\">Cat\u00e9gories<\/a>\u00a0:<\/p>\n<ul>\n<li><a title=\"Cat\u00e9gorie:Royalisme fran\u00e7ais\" href=\"http:\/\/www.sylmpedia.fr\/index.php?title=Cat%C3%A9gorie:Royalisme_fran%C3%A7ais\">Royalisme fran\u00e7ais<\/a><\/li>\n<li><a title=\"Cat\u00e9gorie:Organisations monarchistes fran\u00e7aises\" href=\"http:\/\/www.sylmpedia.fr\/index.php?title=Cat%C3%A9gorie:Organisations_monarchistes_fran%C3%A7aises\">Organisations monarchistes fran\u00e7aises<\/a><\/li>\n<li><a title=\"Cat\u00e9gorie:Providentialisme\" href=\"http:\/\/www.sylmpedia.fr\/index.php?title=Cat%C3%A9gorie:Providentialisme\">Providentialisme<\/a><\/li>\n<\/ul>\n<\/div>\n<\/div>\n<\/div>\n","protected":false},"excerpt":{"rendered":"<p>Charte de Fontevrault (page existante sur Sylmpedia) La Charte de Fontevrault est un mouvement qui se qualifie de providentialiste en ce sens qu&#8217;elle s&#8217;en remet en toute confiance dans le&#8230; <a href=\"https:\/\/charte-fontevrault-providentialisme.fr\/index.php\/sylmpedia-2-charte-de-fontevrault\/\">Cliquez pour lire davantage &raquo;<\/a><\/p>\n","protected":false},"author":2,"featured_media":0,"parent":0,"menu_order":0,"comment_status":"closed","ping_status":"closed","template":"","meta":{"footnotes":""},"class_list":["post-14698","page","type-page","status-publish","hentry"],"_links":{"self":[{"href":"https:\/\/charte-fontevrault-providentialisme.fr\/index.php\/wp-json\/wp\/v2\/pages\/14698","targetHints":{"allow":["GET"]}}],"collection":[{"href":"https:\/\/charte-fontevrault-providentialisme.fr\/index.php\/wp-json\/wp\/v2\/pages"}],"about":[{"href":"https:\/\/charte-fontevrault-providentialisme.fr\/index.php\/wp-json\/wp\/v2\/types\/page"}],"author":[{"embeddable":true,"href":"https:\/\/charte-fontevrault-providentialisme.fr\/index.php\/wp-json\/wp\/v2\/users\/2"}],"replies":[{"embeddable":true,"href":"https:\/\/charte-fontevrault-providentialisme.fr\/index.php\/wp-json\/wp\/v2\/comments?post=14698"}],"version-history":[{"count":7,"href":"https:\/\/charte-fontevrault-providentialisme.fr\/index.php\/wp-json\/wp\/v2\/pages\/14698\/revisions"}],"predecessor-version":[{"id":41379,"href":"https:\/\/charte-fontevrault-providentialisme.fr\/index.php\/wp-json\/wp\/v2\/pages\/14698\/revisions\/41379"}],"wp:attachment":[{"href":"https:\/\/charte-fontevrault-providentialisme.fr\/index.php\/wp-json\/wp\/v2\/media?parent=14698"}],"curies":[{"name":"wp","href":"https:\/\/api.w.org\/{rel}","templated":true}]}}