{"id":25,"date":"2013-05-02T12:09:01","date_gmt":"2013-05-02T12:09:01","guid":{"rendered":"http:\/\/chartedefontevraultprovidentialisme.wordpress.com\/?page_id=9"},"modified":"2013-05-02T12:09:01","modified_gmt":"2013-05-02T12:09:01","slug":"ch-obituaire-de-la-charte-de-fontevrault-deces-de-m-labbe-pohu-aumonier-general-de-la-charte-de-fontevrault-rip-quils-reposent-en-paix","status":"publish","type":"page","link":"https:\/\/charte-fontevrault-providentialisme.fr\/index.php\/ch-obituaire-de-la-charte-de-fontevrault-deces-de-m-labbe-pohu-aumonier-general-de-la-charte-de-fontevrault-rip-quils-reposent-en-paix\/","title":{"rendered":"3- CHARTE DE F. \/ Histoire  : c) Obituaire de la Charte de Fontevrault. D\u00e9c\u00e9s de M. L\u2019Abb\u00e9 Pohu, Aum\u00f4nier g\u00e9n\u00e9ral de la Charte de Fontevrault. RIP. Qu\u2019ils reposent en paix."},"content":{"rendered":"<div style=\"color:#682653;font-family:times, serif;font-size:14px;font-style:normal;font-variant:normal;font-weight:normal;letter-spacing:normal;line-height:normal;orphans:2;text-indent:0;text-transform:none;white-space:normal;widows:2;word-spacing:0;-webkit-text-size-adjust:auto;background-color:#ffffff;text-align:justify;\"><a href=\"http:\/\/chartedefontevraultprovidentialisme.files.wordpress.com\/2013\/05\/charte_fontevrault.jpg\"><img loading=\"lazy\" decoding=\"async\" class=\"aligncenter size-full wp-image-582\" src=\"http:\/\/chartedefontevraultprovidentialisme.files.wordpress.com\/2013\/05\/charte_fontevrault.jpg\" alt=\"charte_fontevrault\" width=\"640\" height=\"248\" srcset=\"https:\/\/charte-fontevrault-providentialisme.fr\/wp-content\/uploads\/2013\/05\/charte_fontevrault.jpg 794w, https:\/\/charte-fontevrault-providentialisme.fr\/wp-content\/uploads\/2013\/05\/charte_fontevrault-300x116.jpg 300w, https:\/\/charte-fontevrault-providentialisme.fr\/wp-content\/uploads\/2013\/05\/charte_fontevrault-768x298.jpg 768w, https:\/\/charte-fontevrault-providentialisme.fr\/wp-content\/uploads\/2013\/05\/charte_fontevrault-624x242.jpg 624w\" sizes=\"auto, (max-width: 640px) 100vw, 640px\" \/><\/a><\/div>\n<div style=\"color:#682653;font-family:times, serif;font-size:14px;font-style:normal;font-variant:normal;font-weight:normal;letter-spacing:normal;line-height:normal;orphans:2;text-indent:0;text-transform:none;white-space:normal;widows:2;word-spacing:0;-webkit-text-size-adjust:auto;background-color:#ffffff;text-align:justify;\"><\/div>\n<div style=\"color:#682653;font-family:times, serif;font-size:14px;font-style:normal;font-variant:normal;font-weight:normal;letter-spacing:normal;line-height:normal;orphans:2;text-indent:0;text-transform:none;white-space:normal;widows:2;word-spacing:0;-webkit-text-size-adjust:auto;background-color:#ffffff;text-align:justify;\"><a href=\"http:\/\/chartedefontevraultprovidentialisme.files.wordpress.com\/2013\/05\/p1040617.jpg\"><img loading=\"lazy\" decoding=\"async\" class=\"aligncenter size-medium wp-image-47\" src=\"http:\/\/chartedefontevraultprovidentialisme.files.wordpress.com\/2013\/05\/p1040617.jpg?w=300\" alt=\"P1040617\" width=\"300\" height=\"225\" srcset=\"https:\/\/charte-fontevrault-providentialisme.fr\/wp-content\/uploads\/2013\/05\/p1040617.jpg 2560w, https:\/\/charte-fontevrault-providentialisme.fr\/wp-content\/uploads\/2013\/05\/p1040617-300x225.jpg 300w\" sizes=\"auto, (max-width: 300px) 100vw, 300px\" \/><\/a><\/div>\n<div style=\"color:#682653;font-family:'times', serif;font-size:14px;font-style:normal;font-variant:normal;font-weight:400;letter-spacing:normal;line-height:normal;orphans:2;text-indent:0;text-transform:none;white-space:normal;widows:2;word-spacing:0;background-color:#ffffff;text-align:center;\"><em><span style=\"color:#008000;\">Monsieur l&#8217;Abb\u00e9 Pohu c\u00e9l\u00e9brant le Saint Sacrifice de la Messe<\/span><\/em><\/div>\n<div style=\"color:#682653;font-family:'times', serif;font-size:14px;font-style:normal;font-variant:normal;font-weight:400;letter-spacing:normal;line-height:normal;orphans:2;text-indent:0;text-transform:none;white-space:normal;widows:2;word-spacing:0;background-color:#ffffff;text-align:center;\">&#8212;-<\/div>\n<div style=\"color:#682653;font-family:times, serif;font-size:14px;font-style:normal;font-variant:normal;font-weight:normal;letter-spacing:normal;line-height:normal;orphans:2;text-indent:0;text-transform:none;white-space:normal;widows:2;word-spacing:0;-webkit-text-size-adjust:auto;background-color:#ffffff;text-align:justify;\"><strong><span style=\"font-size:14pt;\"><span style=\"color:#008000;\">Obituaire.<\/span><\/span><\/strong><span style=\"font-size:14pt;\"><span style=\"color:#008000;\">\u00a0<\/span><\/span><span style=\"color:#008000;\"><br \/>\n<\/span><\/div>\n<div style=\"color:#682653;font-family:times, serif;font-size:14px;font-style:normal;font-variant:normal;font-weight:normal;letter-spacing:normal;line-height:normal;orphans:2;text-indent:0;text-transform:none;white-space:normal;widows:2;word-spacing:0;-webkit-text-size-adjust:auto;background-color:#ffffff;text-align:justify;\">\u00a0\u00a0\u00a0<span class=\"Apple-converted-space\">\u00a0<\/span><span style=\"font-size:14pt;\"><span style=\"font-size:12pt;\"><span style=\"color:#008000;\"><em>&#8220;On ap<\/em><span style=\"color:#008000;\"><em>pel<\/em><\/span><span style=\"color:#339966;\"><em><span style=\"color:#008000;\">le<\/span><\/em><\/span><span class=\"Apple-converted-space\">\u00a0<\/span><em>obituaires ou n\u00e9crologes des registres, en forme de calendriers, o\u00f9 les communaut\u00e9s religieuses du Moyen \u00e2ge inscrivaient les noms de leurs membres, confr\u00e8res, associ\u00e9s spirituels ou bienfaiteurs, pour l&#8217;\u00e2me desquels elles \u00e9taient tenues de r\u00e9citer des pri\u00e8res. Les noms qui servaient \u00e0 d\u00e9signer ces livres \u00e9taient en latin obituarius, liber obituum, et quelquefois martyrologium, necrologium, calendariurn, liber defunctorum. Les obituaires n&#8217;apparaissent qu&#8217;au IXe si\u00e8cle.<br \/>\nLe plus ancien obituaire fran\u00e7ais est celui de Saint-Germain-des-Pr\u00e9s compil\u00e9 par d&#8217;Usuar entre 858 et 869 et que l&#8217;on ne doit pas confondre avec le martyrologe proprement dit du m\u00eame auteur. Toute \u00e9glise, abbaye, prieur\u00e9, chapitre de cath\u00e9drale, communaut\u00e9 de chanoines r\u00e9guliers ou m\u00eame simple paroisse pouvait avoir son obituaire<\/em>&#8220;<\/span><\/span><br \/>\n<\/span><\/div>\n<div style=\"color:#682653;font-family:times, serif;font-size:14px;font-style:normal;font-variant:normal;font-weight:normal;letter-spacing:normal;line-height:normal;orphans:2;text-align:start;text-indent:0;text-transform:none;white-space:normal;widows:2;word-spacing:0;-webkit-text-size-adjust:auto;background-color:#ffffff;\">\n<div style=\"text-align:justify;\"><span style=\"font-size:12pt;\"><span style=\"color:#ff6600;\">Source\u00a0<\/span>:<span style=\"background-color:#ffffff;\"><span style=\"color:#0000ff;\">\u00a0<\/span><\/span><a style=\"text-decoration:none;color:#9f2b74;\" href=\"http:\/\/www.cosmovisions.com\/textObituaire.htm\">http:\/\/www.cosmovisions.com\/textObituaire.htm<\/a><\/span><span style=\"font-family:verdana, geneva;\">\u00a0<\/span><\/div>\n<div style=\"text-align:justify;\"><span style=\"font-family:verdana, geneva;\">\u00a0<\/span><\/div>\n<div style=\"text-align:center;\"><span style=\"font-size:18pt;\"><span style=\"color:#008000;\"><strong><span style=\"font-size:14pt;\">\u00a0 \u00a0 \u00a0<\/span><\/strong><\/span><\/span><strong><span style=\"font-size:14pt;\"><span style=\"color:#008000;\">DECES de M. L&#8217;ABBE POHU, AUM\u00d4NIER GENERAL \u00a0FONDATEUR \u00a0 de la \u00a0CHARTE de FONTEVRAULT, <\/span><\/span><\/strong><strong><span style=\"font-size:14pt;\"><span style=\"color:#008000;\">Fid\u00e9lit\u00e9-unit\u00e9 royale<\/span><\/span><\/strong><span class=\"Apple-converted-space\">\u00a0<\/span><span style=\"color:#008000;\"><strong><span style=\"font-size:14pt;\"><span style=\"color:#008000;\">\u00a0<\/span><\/span>\u00a0\u00a0\u00a0\u00a0<\/strong><\/span><\/div>\n<div style=\"text-align:justify;\">\n<p style=\"margin:0;padding:0;\"><span style=\"color:#008000;\"><strong>\u00a0<\/strong><\/span><\/p>\n<h3 style=\"text-align:justify;\"><span style=\"font-size:14pt;\"><span style=\"font-size:18pt;\"><span style=\"font-size:12pt;\"><span style=\"color:#008000;\">Chers amis,<\/span><\/span><\/span><\/span><br \/>\n<span style=\"font-size:14pt;\"><span style=\"font-size:18pt;\"><span style=\"font-size:12pt;\"><span style=\"color:#008000;\">\u00a0 \u00a0 Le Gouverneur en exercice de la Charte \u00a0de Fontevrault, \u00a0Mademoiselle Ir\u00e8ne \u00a0Pincemaille et moi m\u00eame \u00a0avons la grande \u00a0douleur \u00a0de \u00a0vous faire part \u00a0du d\u00e9c\u00e9s survenu dans la nuit \u00a0du vendredi 5 au samedi 6 d\u00e9cembre 2008 de \u00a0Monsieur l&#8217;Aum\u00f4nier \u00a0g\u00e9n\u00e9ral fondateur dela Charte de Fontevrault , l&#8217;Abb\u00e9 Pohu (4 mars 1912-5 d\u00e9cembre 2008).<span class=\"Apple-converted-space\">\u00a0<\/span>Personne n\u2019ignore parmi nous que si M. l\u2019Abb\u00e9 Pohu cur\u00e9 en 1988 de la<\/span><\/span><span class=\"Apple-converted-space\">\u00a0<\/span><span style=\"font-size:12pt;\"><span style=\"color:#008000;\">paroisse de Fontevraud n\u2019avait pas exist\u00e9 , la Charte \u00a0de Fontevrault \u00a0n\u2019aurait pas exist\u00e9 non plus.<\/span><\/span><\/span><\/span><\/h3>\n<p style=\"color:#682653;font-weight:normal;\"><span style=\"font-size:14pt;\"><span style=\"font-size:12pt;\"><span style=\"color:#008000;\">\u00a0\u00a0\u00a0\u00a0Monsieur \u00a0L\u2019Abb\u00e9 Pohu a \u00a0veill\u00e9 sur nous \u00a0depuis \u00a0vingt ans; la Charte \u00a0de Fontevrault \u00a0ayant \u00e9t\u00e9 \u00a0fond\u00e9e le 25 ao\u00fbt 1988. Nous \u00a0voyons \u00a0comme un signe que ses obs\u00e8ques se \u00a0d\u00e9roulent en la f\u00eate de l\u2019Immacul\u00e9e Conception , patronne de l\u2019ordre monastique \u00a0de Fontevraud \u00a0dont il \u00e9tait un des gardiens \u00a0de la m\u00e9moire.<\/span><\/span><\/span><br \/>\n<span style=\"font-size:14pt;\"><span style=\"font-size:12pt;\"><span style=\"color:#008000;\">\u00a0\u00a0\u00a0\u00a0\u00a0Ils ne \u00a0sauraient \u00a0de plus oublier \u00a0que le lundi 8 d\u00e9cembre 1947 dans le \u00a0sanctuaire si voisin de l\u2019\u00eele Bouchard , \u00a0il y aura \u00a0, jour pour jour, 61 ans, \u00a0qu\u2019un peu avant 13 heures , \u201cNotre Dame de la Pri\u00e8re \u201c \u00a0est apparue \u00a0\u00e0 trois jeunes enfants &#8230; \u00a0Puisse \u00a0notre m\u00e8re du ciel, \u00a0sous les plis du manteau de laquelle Monsieur l\u2019Abb\u00e9 \u00a0aimait \u00e0 placer ceux qui lui \u00e9taient chers, \u00a0lui avoir \u00a0r\u00e9serv\u00e9 \u00a0une \u00a0place de \u00a0choix \u00a0aupr\u00e8s de son fils, Notre Seigneur<\/span>.<\/span><\/span><\/p>\n<h3 style=\"text-align:justify;\"><span style=\"font-size:14pt;\"><span style=\"font-size:12pt;\"><span style=\"color:#008000;\">\u00a0 \u00a0 \u00a0 Le Gouuverneur et moi-m\u00eame demandons \u00a0\u00e0 tous les destinataires de ce mail \u00a0de r\u00e9citer un chapelet , ou d&#8217;autre pri\u00e8res s&#8217;ils le peuvent pour le repos de l&#8217;\u00e2me de monsieur l&#8217;Abb\u00e9 Pohu. \u00a0 \u00a0ils prieront \u00a0dans l\u2019esp\u00e9rance et \u00a0dans la foi \u00a0afin que \u00a0le Seigneur \u00a0accepte de \u00a0nous \u00a0donner bient\u00f4t , en la personne de Monsieur l\u2019Abb\u00e9 Pohu, \u00a0un intercesseur \u00a0et un protecteur de plus. Vous serez inform\u00e9 par le m\u00eame \u00a0canal \u00a0 des messes \u00a0qui seront \u00a0c\u00e9l\u00e9br\u00e9es \u00a0pour le repos de l\u2019\u00e2me de notre \u00a0aum\u00f4nier \u00a0fondateur.<\/span><\/span><\/span><br \/>\n<span style=\"font-size:14pt;\"><span style=\"font-size:12pt;\"><span style=\"color:#008000;\">\u00a0\u00a0\u00a0\u00a0Ils souhaitent aussi que \u00a0ce<span class=\"Apple-converted-space\"> mail soit diffus\u00e9 le plus possible<\/span>et \u00a0\u00e0 cet \u00a0effet \u00a0qu\u2019il soit \u00a0&#8220;rerout\u00e9&#8221; par \u00a0vos soins <strong>\u00a0<\/strong>aux \u00a0destinataires de \u00a0votre \u00a0choix.<\/span><\/span><\/span><\/h3>\n<div style=\"text-align:justify;\"><span style=\"font-size:14pt;\"><span style=\"font-family:verdana, geneva;\"><span style=\"font-size:12pt;\"><span style=\"color:#008000;\">\u00a0\u00a0 Tous\u00a0 les t\u00e9moignages de gratitude\u00a0 envers M. l&#8217;Abb\u00e9 Pohu peuvent \u00eatre adress\u00e9s \u00e0 la Charte de Fontevrault qui en assurera le\u00a0 recueil :<\/span><\/span><\/span><\/span><br \/>\n<span style=\"font-size:14pt;\"><span style=\"font-family:verdana, geneva;\"><span style=\"font-size:12pt;\"><span style=\"color:#008000;\">Mail :<\/span><\/span><\/span><\/span><span class=\"Apple-converted-space\">\u00a0<\/span><span style=\"font-size:12pt;font-family:Times;\"><a style=\"text-decoration:none;color:#9f2b74;\" href=\"mailto:charte.de.fontevrault@wanadoo.fr\">charte.de.fontevrault@wanadoo.fr<\/a><\/span><br \/>\n<span style=\"font-size:14pt;\"><span style=\"color:#008000;\"><span style=\"font-size:12pt;\"><strong>\u00a0 \u00a0 \u00a0<\/strong><\/span><\/span><\/span><span style=\"font-size:14pt;\"><span style=\"font-family:verdana, geneva;\"><span style=\"font-size:12pt;\"><span style=\"color:#008000;\">Les \u00a0obs\u00e8ques \u00a0seront c\u00e9l\u00e9br\u00e9es \u00a0lundi prochain, demain donc, 8 d\u00e9cembre 2009 \u00a0\u00e0 10H30 , en l&#8217;\u00e9glise saint-Michel-de-Fontevrault paroisse dont il fut le pasteur un si grand nombre d&#8217;ann\u00e9es.<\/span><\/span><\/span><\/span><\/div>\n<p style=\"margin:0;padding:0;\"><span style=\"font-size:14pt;\"><span style=\"color:#008000;\"><span style=\"font-size:12pt;\"><br \/>\nPour le \u00a0Gouverneur en exercice\u00a0 2006-2009<br \/>\nde la Charte\u00a0de\u00a0<\/span><\/span><span style=\"color:#008000;\"><span style=\"font-size:12pt;\">Fontevrault ,<\/span><\/span><\/span><\/p>\n<p style=\"margin:0;padding:0;\"><span style=\"font-size:14pt;\"><span style=\"color:#008000;\"><span style=\"font-size:12pt;\"><br \/>\n<span class=\"Apple-converted-space\">\u00a0<\/span><span style=\"color:#ff6600;\">Mlle Ir\u00e8ne Pincemaillle<\/span><\/span><\/span><\/span><\/p>\n<p style=\"color:#682653;font-weight:normal;\"><span class=\"Apple-converted-space\">\u00a0<\/span><span style=\"color:#ff6600;\">\u00a0\u00a0Alain Texier, pr\u00e9sident \u00a0fondateur.<\/span><\/p>\n<div>\n<div style=\"text-align:justify;\"><span style=\"font-size:14pt;\"><span style=\"color:#008000;\"><span style=\"font-size:12pt;\"><span style=\"color:#ff6600;\">\u00a0\u00a0\u00a0\u00a0\u00a0\u00a0\u00a0\u00a0\u00a0\u00a0\u00a0\u00a0\u00a0\u00a0\u00a0\u00a0\u00a0\u00a0\u00a0 \u00a0\u00a0 \u00a0\u00a0\u00a0\u00a0\u00a0 \u00a0 \u00a0\u00a0Limoges, le 7 d\u00e9cembre 2008<\/span><\/span><\/span><\/span><\/div>\n<div style=\"text-align:justify;\"><\/div>\n<div><strong>\u00a0 Texte\u00a0 de l&#8217;Hom\u00e9lie prononc\u00e9e lors des obs\u00e9ques de M. l&#8217;Abb\u00e9\u00a0\u00a0 Pohu en son \u00e9glise saint Michel de Fontevrault<\/strong><\/div>\n<div><a href=\"http:\/\/chartedefontevraultprovidentialisme.files.wordpress.com\/2013\/05\/sermon-obsecc80ques1074.jpg\"><img loading=\"lazy\" decoding=\"async\" class=\"size-large wp-image-4394 alignnone\" src=\"http:\/\/chartedefontevraultprovidentialisme.files.wordpress.com\/2013\/05\/sermon-obsecc80ques1074.jpg?w=640\" alt=\"Sermon obse\u0300ques1074\" width=\"640\" height=\"903\" \/><\/a><\/div>\n<div style=\"text-align:justify;\"><\/div>\n<div><\/div>\n<div style=\"text-align:justify;\"><\/div>\n<div style=\"text-align:justify;\"><span class=\"Apple-style-span\"><strong>\u00a0 \u00a0 \u00a0 \u00a0 \u00a0<a href=\"http:\/\/chartedefontevraultprovidentialisme.files.wordpress.com\/2013\/05\/sermon-obsecc80ques1075.jpg\"><img loading=\"lazy\" decoding=\"async\" class=\"aligncenter size-large wp-image-4395\" src=\"http:\/\/chartedefontevraultprovidentialisme.files.wordpress.com\/2013\/05\/sermon-obsecc80ques1075.jpg?w=640\" alt=\"Sermon obse\u0300ques1075\" width=\"640\" height=\"905\" \/><\/a><\/strong><\/span><\/div>\n<div style=\"text-align:justify;\"><\/div>\n<div style=\"text-align:justify;\"><a href=\"http:\/\/chartedefontevraultprovidentialisme.files.wordpress.com\/2013\/05\/sermon-obsecc80ques1076.jpg\"><img loading=\"lazy\" decoding=\"async\" class=\"aligncenter size-large wp-image-4396\" src=\"http:\/\/chartedefontevraultprovidentialisme.files.wordpress.com\/2013\/05\/sermon-obsecc80ques1076.jpg?w=640\" alt=\"Sermon obse\u0300ques1076\" width=\"640\" height=\"905\" \/><\/a><\/div>\n<div style=\"text-align:justify;\"><\/div>\n<div style=\"text-align:justify;\"><span class=\"Apple-style-span\"><strong>QUELQUES REACTIONS A LA DOULOUREUSE ANNONCE<\/strong><\/span><\/div>\n<div style=\"text-align:justify;\"><span class=\"Apple-style-span\"><strong>\u00a0<\/strong><\/span><\/div>\n<div style=\"text-align:justify;\"><a href=\"http:\/\/chartedefontevraultprovidentialisme.files.wordpress.com\/2013\/05\/abbe_pohu.jpeg\"><img loading=\"lazy\" decoding=\"async\" class=\"aligncenter size-full wp-image-4316\" src=\"http:\/\/chartedefontevraultprovidentialisme.files.wordpress.com\/2013\/05\/abbe_pohu.jpeg\" alt=\"abbe_pohu\" width=\"300\" height=\"377\" \/><\/a><\/div>\n<div style=\"text-align:justify;\">\n<div style=\"color:#682653;font-weight:normal;\"><strong>1)<\/strong>\u00a0Cher ami,<\/div>\n<div style=\"color:#682653;font-weight:normal;\">\u00a0\u00a0c&#8217;est avec d\u00e9solation que je re\u00e7ois votre message au sujet de l&#8217;abb\u00e9 Pohu qui a toujours soutenu notre Charte avec tant de d\u00e9vouement. Il est bien \u00e9vident qu&#8217;il faudra pr\u00e9senter les condol\u00e9ances \u00e0 sa famille au\u00a0nom de nous tous. Je vais faire suivre l&#8217;information et \u00e9crire au cur\u00e9 actuel \u00e0 la fois en mon nom\u00a0et en celui de la Charte. Nous ne l&#8217;oublierons pas dans nos pri\u00e8res.<br \/>\nSource:\u00a0Ir\u00e8ne\u00a0 Pincemaille. Gouverneur en exercice (2006-2009) de la Charte de Fontevrault.<\/div>\n<div style=\"color:#682653;font-weight:normal;\">&#8212;&#8212;&#8212;-<br \/>\n<strong>2)<\/strong><br \/>\nIr\u00e8ne PINCEMAILLE\u00a0\u00a0\u00a0 \u00a0\u00a0\u00a0 \u00a0\u00a0\u00a0 \u00a0\u00a0\u00a0 \u00a0\u00a0\u00a0 \u00a0 \u00a0 \u00a0 \u00a0 \u00a0 \u00a0 \u00a0 \u00a0 \u00a0 \u00a0 \u00a0\u00a0 Mr. le Cur\u00e9<br \/>\nPresbyt\u00e8re<strong>Le Croisic, le 8 D\u00e9cembre 2008<\/strong><br \/>\nMonsieur le Cur\u00e9,Gouverneur de l&#8217;Association &#8220;Charte de Fontevrault&#8221;, j&#8217;ai appris, hier, avec d\u00e9solation, le d\u00e9c\u00e8s de votre pr\u00e9d\u00e9cesseur Monsieur l&#8217;Abb\u00e9 Pohu qui fut le premier aumonier de la &#8220;Charte&#8221; fond\u00e9e en 1988. Nous avions, alors, pu appr\u00e9cier ses immenses qualit\u00e9s d&#8217;homme et de Chr\u00e9tien et nous avions toujours, depuis, entretenu d&#8217;excellentes relations avec lui. Notre aumonier actuel est l&#8217;Abb\u00e9 Jehan de Durat, pr\u00eatre \u00e0 la Gaubreti\u00e8re.D\u00e9sormais aupr\u00e8s du Seigneur, que Celui-ci l&#8217;ait en Sa Sainte Garde et lui accorde la r\u00e9compense supr\u00eame apr\u00e8s toute une vie d&#8217;apostolat pass\u00e9e \u00e0 Son service.<br \/>\nIl ne m&#8217;a, h\u00e9las, pas \u00e9t\u00e9 possible d&#8217;assister \u00e0 sa s\u00e9pulture, mais je suis unie \u00e0 vous en pri\u00e8res,\u00a0 peut-\u00eatre quelques membres de notre Association ont-ils pu s&#8217;y rendre et, bien s\u00fbr, ce d\u00e9c\u00e8s sera annonc\u00e9 dans notre prochain bulletin.<br \/>\nNous adressons \u00e9videmment, nos plus vives condol\u00e9ances \u00e0 sa famille. Je me souviens notamment de sa passion pour les jardins, auxquels il avait consacr\u00e9 un ouvrage ax\u00e9 tout sp\u00e9cialement sur ceux entourant beaucoup de presbyt\u00e8res.<br \/>\nNous vous recontacterons lorsque nous commencerons \u00e0 organiser notre habituelle rencontre fontevriste ayant lieu chaque ann\u00e9e le 25 Ao\u00fbt.Dans cette attente et en vous renouvellant toutes nos condol\u00e9ances, nous vous prions d&#8217;agr\u00e9er, Monsieur le Cur\u00e9, avec nos plus chr\u00e9tiennes salutations, l&#8217;expression de nos sentiments les meilleurs.I. PINCEMAILLE<\/div>\n<div style=\"color:#682653;font-weight:normal;\"><strong>3)<\/strong>\u00a0Union de pri\u00e8res bien s\u00fbr.<br \/>\nAmiti\u00e9s en JMJ<br \/>\nSource:\u00a0Christian-Michel Villette, Fondateur\u00a0 des Rosaires pour la vie.<\/div>\n<div style=\"color:#682653;font-weight:normal;\">&#8212;&#8212;&#8212;-<\/div>\n<div style=\"color:#682653;font-weight:normal;\"><strong>4)<\/strong>\u00a0J&#8217;apprends le \u00a0d\u00e9c\u00e9s de notre aum\u00f4nier \u00a0g\u00e9n\u00e9ral fondateur avec une \u00a0grande \u00a0tristesse. Tu sais que je l&#8217;avais \u00a0conduit \u00a0\u00e0 une de nos rencontres \u00a0fontevristes \u00a0de la Saint Louis \u00a0en l&#8217;abbaye \u00a0royale &#8230; mes enfants et \u00a0moi en gardent un vif souvenir.<\/div>\n<div style=\"color:#682653;font-weight:normal;\">Source:\u00a0Philippe\u00a0 Gouilhers.Secr\u00e9taire\u00a0 g\u00e9n\u00e9ral honoraire de la Charte de Fontevrault<\/div>\n<div style=\"color:#682653;font-weight:normal;\">&#8212;&#8212;&#8212;-<\/div>\n<div style=\"color:#682653;font-weight:normal;\"><strong>5)<\/strong>\u00a0Chers amis,(je) r\u00e9ponds avec promptitude \u00e0 la nouvelle de la mort de ce cher eccl\u00e9siastique qui brillait par sa bont\u00e9 d\u00e9termin\u00e9e. Bien avant de vous conna\u00eetre, j&#8217;avais eu affaire \u00e0 lui pour des questions de mariages et de bapt\u00eames et son accueil fut toujours extr\u00eamement affable.<br \/>\nJ&#8217;avais bien regrett\u00e9 son d\u00e9part de la paroisse St Michel de Fontevrault. Le voici remont\u00e9 vers le Ma\u00eetre. Soyons s\u00fbrs que le Roi des rois et la Reine du Ciel auront fait bon accueil \u00e0 celui qui \u00e9tait si accueillant.<br \/>\nDimanche prochain, je r\u00e9serverai la Messe de 10 h 30 pour\u00a0le repos de son \u00e2me&#8230;.<br \/>\nPrions l&#8217;Immacul\u00e9e Conception, Reine du Ciel et de la Terre de nous avoir en sa garde maternelle.<\/div>\n<div style=\"color:#682653;font-weight:normal;\">Source:\u00a0Abb\u00e9\u00a0 Jehan de Dur\u00e2t . Aum\u00f4nier\u00a0 g\u00e9n\u00e9ral de la Charte de Fontevrault.<\/div>\n<div style=\"color:#682653;font-weight:normal;\">&#8212;&#8212;&#8211;<\/div>\n<div style=\"color:#682653;font-weight:normal;\"><strong>6)<\/strong>\u00a0Merci de m\u2019avoir fait part de cette triste nouvelle.<br \/>\nJe reste toutefois dans la joie de savoir que M. l\u2019abb\u00e9 Pohu est pass\u00e9 du Paradis* au Paradis.<br \/>\nAmiti\u00e9s fid\u00e8les<\/div>\n<div style=\"color:#682653;font-weight:normal;\">Source:\u00a0Arnaud de\u00a0 LATROLLIERE. Secr\u00e9taire\u00a0 g\u00e9n\u00e9ral honoraire de la Charte de Fontevrault.<\/div>\n<div style=\"color:#682653;font-weight:normal;\">* A sa retraite , M. l&#8217;Abb\u00e9 Pohu\u00a0avait\u00a0 regagn\u00e9 la maison, situ\u00e9e \u00e0 une vingtaine de kilom\u00e9tres de Cholet, o\u00f9 il \u00e9tait n\u00e9 &#8221; rue du Paradis&#8221;.<\/div>\n<div style=\"color:#682653;font-weight:normal;\">&#8212;&#8212;&#8211;<\/div>\n<div><strong style=\"font-style:normal;\">7)<\/strong><span style=\"color:#682653;\">\u00a0Condol\u00e9ances et union de pri\u00e8res pour le d\u00e9c\u00e8s de Monsieur l&#8217;Abb\u00e9 Pohu.<\/span><br \/>\n<span style=\"color:#682653;\"> Amiti\u00e9s royalistes.<\/span><br \/>\n<span style=\"color:#682653;\"> Source:\u00a0Fr\u00e9d\u00e9ric Bouju.<\/span><br \/>\n<span style=\"color:#682653;\"> &#8212;&#8212;&#8212;&#8211;<\/span><br \/>\n<strong style=\"font-style:normal;\">8)<\/strong><span style=\"color:#682653;\">\u00a0Communiqu\u00e9 du dioc\u00e8se : nous vous informons du d\u00e9c\u00e8s de M. L&#8217;abb\u00e9 Joseph POHU, survenu le 5 d\u00e9cembre 2008 \u00e0 Beaupr\u00e9au.<\/span><\/p>\n<div style=\"font-style:normal;\">Source<br \/>\n<a href=\"http:\/\/catholiquedetraditionaangers.over-blog.com\/article-25634985.html\">http:\/\/catholiquedetraditionaangers.over-blog.com\/article-25634985.html<\/a>\u00a0 \u00a0 \u00a0 \u00a0 \u00a0 \u00a0 \u00a0 \u00a0 \u00a0 \u00a0 \u00a0 \u00a0 \u00a0 \u00a0&#8212;&#8212;&#8212;-<br \/>\n<strong>9)<\/strong>\u00a0\u00a0Il y a\u00a0d\u00e9j\u00e0\u00a0plus de\u00a020 ans\u00a0que je fis la connaissance de\u00a0l&#8217;abb\u00e9\u00a0Pohu, par une belle journ\u00e9e\u00a0d&#8217;\u00e9t\u00e9. Un\u00a0peu intimid\u00e9es, ma soeur* et moi, nous accompagnions le fondateur de la future Charte de Fontevrault, nous fumes accueillis simplement par l&#8217;abb\u00e9 Pohu, un abb\u00e9 d&#8217;autrefois , je dirai m\u00eame Balzacien, pesant ses mots et ses pens\u00e9es, heureux de nous faire d\u00e9couvrir les richesses de son \u00e9glise et\u00a0tr\u00e8s\u00a0respectueux de leur valeur historique.<\/div>\n<div style=\"font-style:normal;\">\u00a0\u00a0\u00a0\u00a0\u00a0\u00a0\u00a0Nous l&#8217;avons suivi dans le\u00a0presbyt\u00e8re\u00a0sentant bon la cire et les cierges \u00a0en traversant son jardin mais quel\u00a0jardin! magnifique! des brass\u00e9es de fleurs multicolores poussant \u00e7a et l\u00e0,libres de leurs mouvements et du choix de leur plantation,un jardin unique, un jardin de cur\u00e9 quoi !<\/div>\n<div style=\"font-style:normal;\">\u00a0\u00a0\u00a0Le souvenir de\u00a0l&#8217;abb\u00e9\u00a0Pohu sera toujours li\u00e9 \u00e0 cette \u00e9glise Saint Michel** , ce\u00a0presbyt\u00e8re\u00a0hors du temps, ce jardin merveilleux et \u00e0 cette journ\u00e9e m\u00e9morable. Je pense et je suis sure que l&#8217;abb\u00e9 Pohu est all\u00e9 au Paradis rejoindre tous ces abb\u00e9s en soutane qui ont marqu\u00e9 par leur simplicit\u00e9 ,leur parfum de moeurs surann\u00e9es mais aussi par leurs exigences le village dans lequel ils ont v\u00e9cu et les personnes qui ont eu la chance de croiser leur\u00a0chemin.<br \/>\nUne\u00a0page d&#8217;histoire est tourn\u00e9e et je suis heureuse d&#8217;avoir pu y faire un saut par une belle journ\u00e9e d&#8217;\u00e9t\u00e9&#8230;<\/div>\n<div style=\"font-style:normal;\">Source:\u00a0Marie Blanchard.<\/div>\n<div>\n<div style=\"font-style:normal;\">* la Charte de Fontevrault \u00a0vous demande de ne pas oublier Agn\u00e8s dans \u00a0vos pri\u00e8res.<\/div>\n<div>\n<p><span style=\"color:#682653;\">** de Fontevraud, au bout \u00a0de l&#8217;all\u00e9e Sainte Catherine.<\/span><\/p>\n<div style=\"font-style:normal;\">\u00a0\u00a0<strong>10)<\/strong>\u00a0S\u2019agissant\u00a0 de Monsieur l\u2019Abb\u00e9 Pohu, la perte de cette personne si bonne\u00a0 et\u00a0 si g\u00e9n\u00e9reuse est irrempla\u00e7able : outre d\u2019\u00eatre un pr\u00eatre\u00a0 tr\u00e8s au fait\u00a0 de l\u2019histoire de France, il connaissait\u00a0 sur le\u00a0 bout\u00a0 des doigts les ouvrages du marquis de la Franquerie.<br \/>\nIl nous permettait d\u2019entrer\u00a0 dans l\u2019\u00e9glise\u00a0 Saint-Michel-de-Fontevrault avec les drapeaux fleurdelis\u00e9s et tenait \u00e0 prier avec nous\u00a0 pour tous les morts\u00a0 tomb\u00e9s pour la France\u00a0 \u00e0 toutes les \u00e9poques\u00a0 de son histoire &#8211; Royaut\u00e9, Empire et R\u00e9publique- comme demand\u00e9 dans les messages de Sainte-Anne d\u2019Auray.<br \/>\nCar l\u2019Abb\u00e9 Pohu \u00e9tait un vrai\u00a0 Providentialiste s\u2019en remettant\u00a0 au choix\u00a0 Divin pour ce qui concerne le roi \u00e0 venir. Enfin n\u2019oublions pas\u00a0 que l\u2019Abb\u00e9 Pohu s\u2019\u00e9tait associ\u00e9\u00a0 spontan\u00e9ment \u00e0 la cons\u00e9cration\u00a0 de la Charte de Fontevrault en la m\u00eame \u00e9glise Saint \u2013Michel :<br \/>\n&#8211; au Sacr\u00e9-C\u0153ur le 27 juin 1992<br \/>\n&#8211; au C\u0153ur Immacul\u00e9 de Marie en 1994<br \/>\n&#8211; et\u00a0 \u00e0 celle de\u00a0 la Charte aux\u00a0 C\u0153urs-unis ensemble\u00a0 en 1995<br \/>\nToutes\u00a0 cons\u00e9crations renouvel\u00e9es par Monsieur l\u2019Aum\u00f4nier g\u00e9n\u00e9ral de la Charte M.l\u2019Abb\u00e9\u00a0 de Dur\u00e2t, providentiellement au lieu m\u00eame o\u00f9 elles avaient\u00a0 \u00e9t\u00e9 prononc\u00e9es, lors du Saint Sacrifice de la messe c\u00e9l\u00e9br\u00e9e en rite extraordinaire le lundi 25 ao\u00fbt 2008, jour de la f\u00eate de la Saint Louis.<\/div>\n<div style=\"font-style:normal;\"><\/div>\n<div style=\"font-style:normal;\">Herv\u00e9 VOLTO<br \/>\nPr\u00e9sident 1991-1994<br \/>\nde la Charte de Fontevrault<\/div>\n<div style=\"font-style:normal;\">Membre \u00a0du Chap\u00eetre G\u00e9n\u00e9ral et \u00a0d\u00e9l\u00e9gu\u00e9 pour l&#8217;Italie<\/div>\n<div style=\"font-style:normal;\"><strong style=\"font-style:normal;\">Monsieur l&#8217;Abb\u00e9 Pohu,<\/strong><br \/>\n<strong style=\"font-style:normal;\">Aum\u00f4nier g\u00e9n\u00e9ral fondateur de la Charte de Fontevrault<\/strong><\/div>\n<div style=\"font-style:normal;\"><\/div>\n<div style=\"text-align:center;\"><a href=\"http:\/\/chartedefontevraultprovidentialisme.files.wordpress.com\/2013\/05\/p1020880.jpg\"><img loading=\"lazy\" decoding=\"async\" class=\"aligncenter size-large wp-image-4318\" src=\"http:\/\/chartedefontevraultprovidentialisme.files.wordpress.com\/2013\/05\/p1020880.jpg?w=640\" alt=\"P1020880\" width=\"640\" height=\"480\" \/><\/a><span style=\"color:#682653;\">\u00a0\u00a0 M. l&#8217;Abb\u00e9 Pohu est n\u00e9 le 4 mars 1912. Rappel\u00e9 \u00e0 Dieu dans la nuit du vendredi 5 d\u00e9cembre 2008, il a \u00e9t\u00e9 inhum\u00e9 le 8 d\u00e9cembre 2008 &#8211; en la f\u00eate de l&#8217;Immacul\u00e9e\u00a0 Conception- au cimti\u00e8re de Fontevraud l&#8217;Abbaye.<\/span><\/div>\n<div style=\"text-align:center;\">&#8212;&#8212;&#8212;&#8212;&#8212;<br \/>\n<span style=\"color:#682653;\">\u00a0\u00a0\u00a0\u00a0\u00a0\u00a0\u00a0\u00a0\u00a0\u00a0\u00a0\u00a0\u00a0\u00a0\u00a0<\/span><br \/>\n<span style=\"color:#682653;\">\u00a0\u00a0\u00a0\u00a0 POUR L\u2019HISTOIRE. Extrait de la lettre de Fontevrault N\u00b0 24 du 15 mars de l\u2019an de Gr\u00e2ce 1997. DEPART EN RETRAITE DE MONSIEUR L\u2019ABBE POHU.<\/span><\/div>\n<div style=\"text-align:center;\"><\/div>\n<div style=\"text-align:center;\">\n<p><strong style=\"font-style:normal;\">D\u00e9part en retraite\u00a0 de Monsieur l\u2019Abb\u00e9 Pohu<\/strong><\/p>\n<p style=\"font-style:normal;\">Monsieur l\u2019Abb\u00e9 Pohu\u00a0 avait\u00a0 bien voulu me r\u00e9server le meilleur des accueils\u00a0 lorsque j\u2019\u00e9tais all\u00e9\u00a0 lui exposer, au printemps 1988, mon projet de Charte de Fontevrault.<\/p>\n<p style=\"font-style:normal;\">En lui\u00a0; le Chr\u00e9tien\u00a0 s\u2019\u00e9tait r\u00e9joui\u00a0 que l\u2019irritante\u00a0 question du choix\u00a0 prince\u00a0 qui r\u00e9gnera\u00a0 sur la France\u00a0 soit- enfin &#8211; remise \u00e0 Dieu.\u00a0 En lui\u00a0;\u00a0 l\u2019homme avait appr\u00e9ci\u00e9 que l\u2019Abbaye\u00a0 royale de Fontevraud, qui avait\u00a0 tant\u00a0 servi la Couronne, puisse \u00e0 nouveau la servir.<\/p>\n<p style=\"font-style:normal;\">\u00a0 En lui\u00a0;\u00a0 l\u2019officier\u00a0 de l\u2019ordre des Arts\u00a0 et lettres, \u00e9rudit auteur\u00a0 d\u2019ouvrages sur Fontevraud\u00a0 avait trouv\u00e9 juste\u00a0 que d\u2019avantages encore\u00a0 de personnes\u00a0 vienne\u00a0 faire la d\u00e9couverte\u00a0 de l\u2019Abbaye\u00a0 royale, de\u00a0 l\u2019\u00e9glise Saint-Michel et de cette petite\u00a0 ville angevine\u00a0 si ch\u00e8re \u00e0 son c\u0153ur.<\/p>\n<p><span style=\"color:#682653;\">***<\/span><\/p>\n<p style=\"font-style:normal;\">\u00a0\u00a0\u00a0 Petit \u00e0 petit,\u00a0une amiti\u00e9 \u00e9tait n\u00e9e\u00a0\u00a0 entre l\u2019Abb\u00e9 Pohu, sa\u00a0 gouvernante, Mlle Andr\u00e9e Ornillon,\u00a0 et mon \u00e9pouse et moi-m\u00eame. Pourquoi d\u00e8s lors ne pas se r\u00e9jouir\u00a0 de ces moments\u00a0 qui furent heureux\u00a0 et\u00a0 qui le restent\u00a0?<\/p>\n<p style=\"font-style:normal;\">\u00a0 Nos conversations\u00a0 dans la d\u00e9licieuse\u00a0 petite salle \u00e0 manger du presbyt\u00e8re.<\/p>\n<p style=\"font-style:normal;\">\u00a0 Nos courtes promenades\u00a0 dans les couloirs\u00a0 qui conduisaient de la\u00a0 maison \u00e0 l\u2019\u00e9glise\u00a0 et r\u00e9ciproquement.<\/p>\n<p style=\"font-style:normal;\">\u00a0 Nos \u00e9merveillements\u00a0 devant le\u00a0 jardin au d\u00e9sordre si charmant\u00a0\u00a0 et o\u00f9 les roses tr\u00e9mi\u00e8res\u00a0 semblaient\u00a0 comme autant de mas de\u00a0 cocagnes annon\u00e7ant d\u00e9j\u00e0 le ciel.<\/p>\n<p style=\"font-style:normal;\">\u00a0\u00a0\u00a0 La d\u00e9dicace\u00a0 qu\u2019il avait\u00a0 bien voulu me faire\u00a0 de l\u2019ouvrage traitant\u00a0\u00a0 des &#8220;Jardins de Cur\u00e9&#8221;, et o\u00f9 pas moins de quatre pages (P. 118 \u00e0121), plus la page\u00a0 de\u00a0 couverture\u00a0 sont\u00a0 consacr\u00e9es\u00a0 \u00e0 ce \u00ab\u00a0 jardin\u2026 travers\u00e9e par deux all\u00e9es en\u00a0 croix, dont l\u2019une\u00a0 est\u00a0 bord\u00e9e de fusains\u00a0\u00bb. pour notre\u00a0 bonheur, l\u2019Abb\u00e9 Pohu est repr\u00e9sent\u00e9\u00a0 deux fois, dont une avec\u00a0 sa\u00a0 gouvernante.<\/p>\n<p style=\"font-style:normal;\">\u00a0\u00a0\u00a0\u00a0\u00a0 Mes entretiens spirituels\u00a0 qui se terminaient pas des\u00a0 absolutions\u00a0 confiantes\u00a0 dont je savais\u00a0 bien que j\u2019\u00e9tais indigne.<\/p>\n<p style=\"font-style:normal;\">***<\/p>\n<p style=\"font-style:normal;\">\u00a0\u00a0 Ceci pour ne rien dire\u00a0 des gr\u00e2ces\u00a0 dont il a permis\u00a0 qu\u2019elles soient\u00a0 d\u00e9vers\u00e9es \u00e0 foison\u00a0 sur tant de monde\/<\/p>\n<p style=\"font-style:normal;\">\u00a0 Qui se sont\u00a0 confess\u00e9\u00a0 \u00e0 lui\u00a0 \u00e0 l\u2019occasion de nos rencontres du 25 ao\u00fbt.<\/p>\n<p style=\"font-style:normal;\">\u00a0 Qui\u00a0 ont\u00a0 visit\u00e9\u00a0 l\u2019\u00e9glise\u00a0 saint-Michel sous sa direction.<\/p>\n<p style=\"font-style:normal;\">\u00a0 Qui ont entendu\u00a0 ses pr\u00f4nes toujours si fid\u00e8les\u00a0 \u00e0 la vocation chr\u00e9tienne\u00a0 et royale de la France<\/p>\n<p style=\"font-style:normal;\">\u00a0\u00a0Qui ont particip\u00e9 au Saint Sacrifice\u00a0 de la messe, d\u00e9votement\u00a0 c\u00e9l\u00e9br\u00e9 par lui dans une \u00e9glise\u00a0 qui avait gard\u00e9\u00a0 son ma\u00eetre-autel sans adjonction \u2013 l\u2019\u00e9poque- d\u2019un meuble suppl\u00e9mentaire\u00a0 dans le ch\u0153ur.<\/p>\n<p style=\"font-style:normal;\">\u00a0\u00a0 Qui se sont\u00a0 consacr\u00e9s en sa pr\u00e9sence au Sacr\u00e9-Coeur de J\u00e9sus et au Coeut immacul\u00e9 de Marie.<\/p>\n<p style=\"font-style:normal;\">\u00a0\u00a0\u00a0\u00a0\u00a0\u00a0\u00a0\u00a0\u00a0\u00a0\u00a0 Qui ont, enfin, \u00e9t\u00e9\u00a0 conquis\u00a0 par sa charit\u00e9, sa\u00a0 compr\u00e9hension, mais aussi\u00a0 sa fid\u00e9lit\u00e9\u00a0 au dogme, au nom de qui il \u00e9tait devenu pr\u00eatre\u00a0 de la Sainte Eglise Catholique et Romaine.<\/p>\n<p style=\"font-style:normal;\">Pour tout\u00a0 ceci, et pour sa chaleureuse\u00a0 activit\u00e9 d\u2019Aum\u00f4nier\u00a0 G\u00e9n\u00e9ral des Fontevrisres, comment ne pas rendre\u00a0 gr\u00e2ce\u00a0?<\/p>\n<p style=\"font-style:normal;\">\u00a0\u00a0\u00a0\u00a0\u00a0\u00a0\u00a0\u00a0\u00a0\u00a0\u00a0\u00a0\u00a0\u00a0\u00a0\u00a0\u00a0\u00a0\u00a0\u00a0\u00a0\u00a0\u00a0\u00a0\u00a0\u00a0\u00a0\u00a0\u00a0\u00a0\u00a0\u00a0\u00a0\u00a0\u00a0\u00a0\u00a0\u00a0\u00a0\u00a0\u00a0\u00a0\u00a0\u00a0\u00a0\u00a0\u00a0\u00a0\u00a0\u00a0\u00a0\u00a0\u00a0\u00a0\u00a0\u00a0\u00a0\u00a0\u00a0\u00a0\u00a0\u00a0\u00a0\u00a0\u00a0\u00a0\u00a0 Alain TEXIER.<\/p>\n<p><span style=\"color:#682653;\">\u00a0\u00a0 \u00a0 \u00a0 \u00a0 \u00a0 \u00a0\u00a0\u00a0 \u00a0 \u00a0 \u00a0 \u00a0 \u00a0\u00a0\u00a0 \u00a0 \u00a0\u00a0\u00a0\u00a0\u00a0\u00a0<\/span><strong style=\"font-style:normal;\">Supplique au lecteur.<\/strong><\/p>\n<p><strong style=\"font-style:normal;\"><br \/>\n<\/strong><span style=\"color:#682653;\">\u00a0\u00a0\u00a0<\/span><em style=\"font-style:normal;\">Puisque \u00a0vos \u00a0pas \u00a0vous ont \u00a0conduit jusqu&#8217;\u00e0 cette page \u00a0d\u00e9di\u00e9e \u00a0\u00e0 rappeler le souvenir \u00a0de \u00a0quelques uns des amis de la Charte de Fontevrault qui ne \u00a0sont plus, nous \u00a0vous adressons une supplique .<br \/>\n<\/em><span style=\"color:#682653;\">\u00a0\u00a0\u00a0<\/span><em style=\"font-style:normal;\">Avant \u00a0de fermer cette fen\u00eatre, une \u00a0pri\u00e8re pour \u00a0ceux \u00a0qui ont \u00a0quitt\u00e9 cette terre sans \u00a0avoir pu voir le retour \u00a0du roi de France \u00a0sur le \u00a0tr\u00f4ne \u00a0que Dieu lui a pr\u00e9par\u00e9&#8230; Que l&#8217;\u00e9chec apparent \u00a0du service d&#8217;un des rois de la terre qui les a pr\u00e9occup\u00e9 \u00a0incline le Roi des cieux \u00a0\u00e0 leur ouvrir les portes de Son Paradis.<\/em><\/p>\n<p style=\"color:#682653;font-weight:normal;font-style:normal;text-align:center;\"><strong><em>In M\u00e9moriam\u00a0<\/em><\/strong><\/p>\n<p style=\"color:#682653;font-weight:normal;font-style:normal;text-align:center;\"><a href=\"https:\/\/charte-fontevrault-providentialisme.fr\/wp-content\/uploads\/2016\/03\/devert_22.jpg\" rel=\"attachment wp-att-11281\"><img loading=\"lazy\" decoding=\"async\" class=\"aligncenter wp-image-11281\" src=\"https:\/\/charte-fontevrault-providentialisme.fr\/wp-content\/uploads\/2016\/03\/devert_22.jpg?w=148\" alt=\"devert_2\" width=\"249\" height=\"505\" srcset=\"https:\/\/charte-fontevrault-providentialisme.fr\/wp-content\/uploads\/2016\/03\/devert_22.jpg 574w, https:\/\/charte-fontevrault-providentialisme.fr\/wp-content\/uploads\/2016\/03\/devert_22-148x300.jpg 148w, https:\/\/charte-fontevrault-providentialisme.fr\/wp-content\/uploads\/2016\/03\/devert_22-505x1024.jpg 505w\" sizes=\"auto, (max-width: 249px) 100vw, 249px\" \/><\/a><\/p>\n<p style=\"font-style:normal;\">\u00a0Nous apprenons avec douleur le\u00a0<strong>d\u00e9c\u00e9s survenu\u00a0 le Vendredi 18 novembre 2005 \u00e0 4 heures du matin de Madame Michelle Devert, pr\u00e9sidente de la Charte de\u00a0 Fontevrault 1997-2000 et membre du chapitre g\u00e9n\u00e9ral , Honneurs\u00a0 de la Charte\u00a0 du 2 em d\u00e9gr\u00e9.<\/strong><\/p>\n<p style=\"font-style:normal;\">\u00a0\u00a0\u00a0\u00a0\u00a0\u00a0 Nous la confions \u00e0 la mis\u00e9ricorde de Dieu et \u00e0 la protection de Sainte Marie-Madeleine sainte patronne\u00a0 des Pr\u00e9sidents et Gouverneurs de la Charte.<\/p>\n<p><span style=\"color:#682653;\">\u00a0\u00a0 \u00a0 \u00a0 \u00a0 \u00a0 \u00a0 \u00a0 \u00a0 \u00a0 \u00a0 \u00a0 \u00a0 \u00a0 \u00a0 \u00a0 \u00a0 \u00a0\u00a0<\/span><em style=\"font-style:normal;\">\u00a0 \u00a0 \u00a0\u00a0<\/em><span style=\"color:#682653;\">\u00a0Le Chapitre g\u00e9n\u00e9ra<\/span>l de la Charte<em style=\"font-style:normal;\">\u00a0<\/em><\/p>\n<p style=\"font-style:normal;\">\u00a0\u00a0\u00a0Chaque ann\u00e9e apporte ses joies et malheureusement aussi ses peines. Il en est ainsi des douze derniers mois qui ont vu des disparitions de proches ou d\u2019amis. Parmi celles-ci nous ne pouvons pas ne pas songer au premier chef\u00a0 \u00e0 Michelle Devert.<\/p>\n<p style=\"font-style:normal;\">\u00a0 Sa mort brutale a \u00e9t\u00e9, pour tous ceux qui s\u2019efforcent de faire vivre le mouvement fontevriste, une blessure qui reste toujours \u00e0 vif malgr\u00e9 le temps pass\u00e9.<\/p>\n<p><span style=\"color:#682653;\">\u00a0\u00a0 Profitant de ce que cette\u00a0\u00a0<\/span><em style=\"font-style:normal;\">Lettre de Fontevrault\u00a0\u00a0<\/em><span style=\"color:#682653;\">\u00a0 \u201csp\u00e9ciale Saint Louis\u201d est diffus\u00e9e bien au-del\u00e0 du cercle de nos fid\u00e8les abonn\u00e9s, nous reprenons ici le texte publi\u00e9 tout d\u2019abord dans le n\u00b0 30 (janvier 2006) du\u00a0<\/span><em style=\"font-style:normal;\">Royaliste limousin et marchoi<\/em><em style=\"font-style:normal;\">s<\/em><span style=\"color:#682653;\">.\u00a0<\/span><\/p>\n<p style=\"font-style:normal;\"><strong>Pour\u00a0 Michelle&#8230;\u00a0<\/strong><\/p>\n<p style=\"font-style:normal;\">\u00a0\u00a0\u00a0\u00a0\u00a0\u00a0\u00a0\u00a0 \u00d4\u00a0 certes, le protocole voudrait\u00a0 que\u00a0 l\u2019on s\u2019adresse \u00e0 la pr\u00e9sidente\u00a0 de la Charte de\u00a0 Fontevrault 1997-2000 et membre du chapitre g\u00e9n\u00e9ral , Honneurs\u00a0 de la Charte\u00a0 du deuxi\u00e8me\u00a0 degr\u00e9, d\u2019une\u00a0 fa\u00e7on diff\u00e9rente\u00a0 et , a priori, plus respectueuse.<\/p>\n<p><span style=\"color:#682653;\">\u00a0\u00a0 \u00a0 \u00a0 \u00a0 Mais l\u2019amiti\u00e9 a des raisons\u00a0 que le protocole ne conna\u00eet pas.\u00a0 Michelle, donc,\u00a0 a \u00e9t\u00e9 rappel\u00e9e par le\u00a0 P\u00e8re \u00e9ternel\u00a0 le Vendredi 18 novembre 2005 \u00e0 4 heures du matin.<\/span><\/p>\n<p style=\"font-style:normal;\">\u00a0\u00a0\u00a0Mon Dieu, que de souvenirs : en Limousin\u00a0, au Prieur\u00e9 de l\u2019Artige o\u00f9 r\u00e9gnaient\u00a0 Philippe et Fran\u00e7oise , \u00e0 Veyrac, sa demeure, au Vieux Juriol\u00a0 o\u00f9 elle a\u00a0 trouv\u00e9 &#8211; comme nous tous &#8211; l\u2019amiti\u00e9 familiale de Nicole et Alain,\u00a0 \u00e0 Limoges o\u00f9\u00a0 elle ne manquait pas de venir travailler r\u00e9guli\u00e8rement avec moi et o\u00f9 prenaient place\u00a0nos f\u00eates d\u2019obligation, 21\u00a0 janvier, 16 octobre&#8230;<\/p>\n<p style=\"font-style:normal;\">\u00a0\u00a0\u00a0\u00a0\u00a0\u00a0\u00a0\u00a0 Michelle trouvant le temps de r\u00e9citer un chapelet pendant que j\u2019achetais des enveloppes en stock chez un papetier en gros dans la zone industrielle Nord, Michelle\u00a0 tenant\u00a0 t\u00eate\u00a0 aux institutionnels qui voulaient l\u2019emp\u00eacher, avec\u00a0 brutalit\u00e9,\u00a0 de\u00a0 prier le \u201cRosaire\u00a0 pour la Vie\u201d en la Cath\u00e9drale de Limoges le premier\u00a0 samedi\u00a0 du mois&#8230;.<\/p>\n<p style=\"font-style:normal;\">\u00a0\u00a0\u00a0\u00a0\u00a0\u00a0\u00a0\u00a0 Michelle enfin, en la chapelle Saint Martial\u00a0 de l\u2019avenue des B\u00e9n\u00e9dictins , dont\u00a0 elle\u00a0 me fit d\u00e9couvrir le chemin de l\u2019autel et du confessionnal.<\/p>\n<p style=\"font-style:normal;\">\u00a0\u00a0\u00a0\u00a0\u00a0\u00a0 En Poitou aussi,\u00a0 d\u2019o\u00f9 une de ses grands m\u00e8res \u00e9tait originaire,\u00a0 en Poitou, donc \u00e0 Chir\u00e9\u00a0 en Montreuil\u00a0 o\u00f9 elle\u00a0 assistait\u00a0 avec \u00a0d\u00e9votion \u00e0 la messe dans la nef de verdure\u00a0 &#8211; les habitu\u00e9s\u00a0 comprendront &#8211; des journ\u00e9es\u00a0 Chouannes.<\/p>\n<p style=\"font-style:normal;\">\u00a0\u00a0\u00a0\u00a0\u00a0\u00a0\u00a0\u00a0\u00a0Mon Dieu, que de souvenirs\u00a0 \u00e0 Fontevraud- l\u2019Abbaye\u00a0aussi, Fontevraud si ch\u00e8re \u00e0 son c\u0153ur de Fontevriste!<\/p>\n<p style=\"font-style:normal;\">\u00a0\u00a0\u00a0\u00a0\u00a0\u00a0\u00a0\u00a0 Michelle visitant avec nous , sous un soleil\u00a0\u00a0 \u00e9crasant\u00a0 , la Devini\u00e8re , o\u00f9 v\u00e9cut Rabelais\u00a0 ;\u00a0 sortant de son h\u00f4tel\u00a0 le matin\u00a0 \u00e0 Montsoreau , titubante de fatigue et nous disant n\u2019avoir pas ferm\u00e9 les yeux\u00a0 \u00e0 cause de\u00a0 la mitoyennet\u00e9 d\u2019un bowling;\u00a0 Michelle d\u00eenant\u00a0 avec nous dans un charmant restaurant offrant une vue imprenable sur le ch\u00e2teau de Saumur; Michelle en la chapelle Saint Michel, tiens &#8230; , du Bourg de Fontevraud,\u00a0 Michelle r\u00e9citant le\u00a0 chapelet tout en\u00a0 descendant l\u2019all\u00e9e Sainte Catherine\u00a0 sous les plis du drapeau d\u2019azur \u00e0 trois fleurs de lys d\u2019or, Michelle\u00a0 dans\u00a0 le clo\u00eetre du grand Moustier; Michelle\u00a0 unissant\u00a0 sa pri\u00e8re\u00a0 \u00e0 celle\u00a0 des moniales et\u00a0 des moines\u00a0 qui firent\u00a0\u00a0 tant oraison en l\u2019abbaye royale; Michelle\u00a0 dirigeant avec autorit\u00e9\u00a0 les d\u00e9bats lors du Chapitre des Fontevristes; Michelle se mordant &#8211; avec\u00a0 quelques difficult\u00e9s &#8211; les l\u00e8vres pour ne pas dire\u00a0 aux journalistes\u00a0 tout le mal qu\u2019elle pensait d\u2019eux &#8211; journalistes qui , il est\u00a0 vrai, avaient\u00a0 \u00e9crit d\u2019elle qu\u2019elle\u00a0 s\u2019\u00e9tait\u00a0 faite\u00a0 de &#8211; saintes &#8211; ampoules en arpentant les jardins de l\u2019Abbaye .<\/p>\n<p style=\"font-style:normal;\">\u00a0\u00a0\u00a0\u00a0\u00a0\u00a0\u00a0\u00a0 Michelle fut et , par cons\u00e9quent,\u00a0 reste une\u00a0 grande\u00a0 pr\u00e9sidente , un de ces responsables\u00a0 qui\u00a0 sont\u00a0 persuad\u00e9s qu\u2019il existe une gr\u00e2ce d\u2019\u00c9tat attach\u00e9e \u00e0 cette fonction comme aux\u00a0 autres\u00a0 et\u00a0 que les seuls combats qu\u2019on\u00a0 a perdus\u00a0 d\u2019avance sont\u00a0 ceux\u00a0 qu\u2019on n\u2019a\u00a0 pas\u00a0 livr\u00e9s.<\/p>\n<p style=\"font-style:normal;\">\u00a0\u00a0\u00a0\u00a0\u00a0\u00a0\u00a0\u00a0 A Michelle nous devons :<\/p>\n<p style=\"font-style:normal;\">\u00a0&#8211; la d\u00e9cision de ne pas ajouter \u00e0 la division politique\u00a0 la division\u00a0 religieuse,\u00a0 d\u2019o\u00f9 le choix de notre Aum\u00f4nier g\u00e9n\u00e9ral.<\/p>\n<p><span style=\"color:#682653;\">&#8211; la\u00a0 naissance et le d\u00e9veloppement\u00a0 de notre \u00e9quipe de routage \u00e0 Limoges.<\/span><br \/>\n<span style=\"color:#682653;\">&#8211; le\u00a0 souci\u00a0 de veiller \u00e0 la\u00a0 p\u00e9rennit\u00e9 des travaux de\u00a0 la Charte de Fontevrault apr\u00e8s son d\u00e9part pour la C\u00f4te d\u2019azur aupr\u00e8s de son fils.\u00a0<\/span><br \/>\n<span style=\"color:#682653;\">\u00a0\u00a0\u00a0 Et tant d\u2019autres choses que\u00a0 le temps qui passe, nos actions et leur\u00a0 d\u00e9veloppement ne manqueront\u00a0 pas de mettre en valeur.<\/span><\/p>\n<p style=\"font-style:normal;\">\u00a0\u00a0\u00a0\u00a0 Bien s\u00fbr, enfin que Michelle n\u2019\u00e9tait pas une\u00a0 de ces\u00a0 saintes de vitrail propos\u00e9es\u00a0 \u00e0 notre pieuse imitation . Bien s\u00fbr\u00a0 qu\u2019elle n\u2019\u00e9tait pas\u00a0 parfaite et un certain nombre de ses prises\u00a0 de position de \u201cpied\u00a0 noir\u201d\u00a0 \u00e9corch\u00e9e\u00a0 vive par\u00a0 la perte de\u00a0 \u201c son Alg\u00e9rie\u201d\u00a0 ont pu agacer. Mais, entre nous qui est\u00a0 parfait\u00a0 en ce bas monde\u00a0 \u00e0 part\u00a0 vous et moi ?<\/p>\n<p style=\"font-style:normal;\">\u00a0\u00a0\u00a0\u00a0\u00a0\u00a0\u00a0\u00a0 Michelle \u00e9tait\u00a0 autre\u00a0 chose, un \u00eatre humain , marqu\u00e9 par le p\u00e9ch\u00e9 originel, comme nous tous, mais\u00a0\u00a0 s\u2019effor\u00e7ant de faire &#8211; comme nous nous essayons \u00e0 le faire aussi &#8211; tout\u00a0 ce qui \u00e9tait en son pouvoir pour gagner le Ciel\u00a0.<\/p>\n<p style=\"font-style:normal;\">\u00a0\u00a0\u00a0\u00a0\u00a0\u00a0\u00a0\u00a0 Pour tout\u00a0 cela, Michelle, pour\u00a0 votre\u00a0 vie\u00a0 qui fut\u00a0 remplie de croix que\u00a0 vous accept\u00e2tes pour l\u2019amour de Lui, et pour tant d\u2019autres\u00a0 choses aussi , plus personnelles,\u00a0 encore , merci . Nous\u00a0 vous confions , Michelle, \u00e0 la mis\u00e9ricorde de Dieu et \u00e0 la protection de Sainte Marie Madeleine, Sainte Patronne\u00a0 des Pr\u00e9sidents et Gouverneurs de la Charte.<\/p>\n<p style=\"font-style:normal;\">\u00a0\u00a0\u00a0\u00a0\u00a0\u00a0\u00a0\u00a0 \u00a0\u00a0\u00a0 A Dieu ! c\u2019est -\u00e0 dire, au revoir&#8230;<\/p>\n<p><span style=\"color:#682653;\">\u00a0\u00a0 \u00a0 \u00a0 \u00a0\u00a0\u00a0\u00a0 \u00a0 \u00a0 \u00a0 \u00a0 \u00a0 \u00a0 \u00a0 \u00a0Alain TEXIER \u00a0 \u00a0 \u00a0 \u00a0 \u00a0 \u00a0 \u00a0 \u00a0 \u00a0 \u00a0 \u00a0 \u00a0 \u00a0 \u00a0 \u00a0 \u00a0 \u00a0 \u00a0 \u00a0 \u00a0 \u00a0 \u00a0 \u00a0 \u00a0 \u00a0 \u00a0 \u00a0 \u00a0 \u00a0 \u00a0 \u00a0 \u00a0 \u00a0 Pr\u00e9sident 1988-1991<\/span><br \/>\n<span style=\"color:#682653;\">\u00a0\u00a0 \u00a0 \u00a0 \u00a0 \u00a0 \u00a0 \u00a0 \u00a0 \u00a0 \u00a0\u00a0\u00a0Fondateur de la Charte de Fontevrault<\/span><\/p>\n<\/div>\n<div style=\"font-style:normal;\">\n<h6 style=\"font-style:normal;\"><a href=\"http:\/\/charte.de.fontevrault.over-blog.com\/article-in-memoriam-alain-rougevin-baville-par-un-camarade-de-promotion-107446268.html\">In Memoriam.<\/a>\u00a0En confiant \u00e0 Dieu, notre Intendant \u00a0G\u00e9n\u00e9ral, Secr\u00e9taire g\u00e9n\u00e9ral honoraire de la Charte de \u00a0Fontevrault.<\/h6>\n<h6 style=\"font-style:normal;text-align:center;\"><a href=\"http:\/\/charte.de.fontevrault.over-blog.com\/article-in-memoriam-alain-rougevin-baville-par-un-camarade-de-promotion-107446268.html\">Alain ROUGEVIN-B\u00c2VILLE par un camarade de promotion<\/a><\/h6>\n<p style=\"font-style:normal;\"><strong><a href=\"https:\/\/charte-fontevrault-providentialisme.fr\/wp-content\/uploads\/2016\/03\/scan-121690002.jpg\" rel=\"attachment wp-att-11283\"><img loading=\"lazy\" decoding=\"async\" class=\"alignleft size-full wp-image-11283\" src=\"https:\/\/charte-fontevrault-providentialisme.fr\/wp-content\/uploads\/2016\/03\/scan-121690002.jpg\" alt=\"Scan-121690002\" width=\"174\" height=\"284\" \/><\/a>Alain ROUGEVIN BAVILLE\u00a0<\/strong><\/p>\n<p style=\"font-style:normal;\">\u00a0 \u00a0Alain\u2026un Saint Cyrien de la Promotion Mar\u00e9chal BUGEAUD (St Cyr 1958-1960)\u2026Alain..fier d\u2019appartenir \u00e0 cette promotion dont le parrain est ce soldat paysan\u00a0(1784-1849),\u00a0n\u00e9 \u00e0 Limoges, ce grand serviteur de l\u2019Etat quel qu\u2019en fut le r\u00e9gime.<\/p>\n<p style=\"font-style:normal;\">\u00a0 \u00a0Oui, fier&#8230;comme l\u2019\u00e9tait sans doute aussi son p\u00e8re Jacques de la promotion GALLIENI.<\/p>\n<p style=\"font-style:normal;\">\u00a0 Engag\u00e9 en novembre 1954 pour le 3<sup>\u00e8me<\/sup>\u00a0Rgt de Cuirassiers, Alain est form\u00e9 au Centre d\u2019Instruction des Blind\u00e9s de TREVES sur M 24 (le char am\u00e9ricain Chaffee). Il entame alors une carri\u00e8re de sous-officier. Il est Mar\u00e9chal des Logis Chef alors qu\u2019il vient d\u2019int\u00e9grer le Peloton Pr\u00e9paratoire \u00e0 l\u2019Ecole militaire inter-armes de STRASBOURG. C\u2019est le d\u00e9but de notre rencontre. En 1959, dans la m\u00eame chambr\u00e9e , \u00e0 COETQUDAN, nous recevons le Casoar. Puis c\u2019est la p\u00e9riode comme\u00a0<strong>Sous-Lieutenant \u00e0 SAUMUR<\/strong>\u00a0avant de rejoindre l\u2019Alg\u00e9rie en 1961 \u00e0 BONE. Il y sert successivement au 4<sup>\u00e8me<\/sup>\u00a0Hussards, puis au 1<sup>er<\/sup>\u00a0Spahis avant de rembarquer \u00e0 PHILIPPEVILLE en avril 1963 affect\u00e9 qu\u2019il est au 12<sup>\u00e8me<\/sup>Chasseurs de SEDAN. Il y reste peu de temps avant d\u2019\u00eatre d\u00e9sign\u00e9 comme instructeur \u00e0 l\u2019Ecole de Cavalerie \u00e0 SAUMUR en 1965. Il portera ensuite les \u00e9cussons du 11<sup>\u00e8me<\/sup>\u00a0Chasseurs \u00e0 BERLIN, du 5<sup>\u00e8me<\/sup>\u00a0Dragons et du Centre d\u2019instruction de l\u2019Arme Blind\u00e9e Cavalerie \u00e0 CARPIAGNE en 1975. Puis c\u2019est \u00e0 nouveau SAUMUR en 1981 o\u00f9 \u00e0\u00a0<strong>FONTEVRAULT il est Commandant en second du Groupe d\u2019Escadrons de man\u0153uvre qui deviendra le 3<sup>\u00e8me<\/sup>\u00a0Chasseurs<\/strong>. Il quitte l\u2019arm\u00e9e en 1987 avec le grade de Colonel.<\/p>\n<p style=\"font-style:normal;\">\u00a0 \u00a0 Titulaire de la Crois de la Valeur Militaire, il est Chevalier de la L\u00e9gion d\u2019Honneur et Chevalier de l\u2019Ordre National du M\u00e9rite.<\/p>\n<p style=\"font-style:normal;\">\u00a0 UNE CARRIERE A LA MESURE DE SA FORCE DE CARACTERE-UNE CARRIERE A LA MESURE DE SA FOI CHRETIENNE TRES ANCREE ET DANS UNE VIE TELLEMENT PARTAGEE AVEC NICOLE.<\/p>\n<p style=\"font-style:normal;\">\u00a0 \u00a0Une anecdote\u2026il y a quelques jours, dans la force d\u2019un souffle, il avait tenu \u00e0 savoir comment s\u2019\u00e9tait d\u00e9roul\u00e9 le voyage de promotion auquel\u00a0 Nicole et lui avaient d\u00fb renoncer en s\u2019inqui\u00e9tant aussi de l\u2019\u00e9tat de sant\u00e9 d\u2019un camarade r\u00e9cemment op\u00e9r\u00e9&#8230;<\/p>\n<p style=\"color:#682653;font-weight:normal;font-style:normal;text-align:center;\">..une anecdote.. non\u2026C\u2019ETAIT TOUT ALAIN\u00a0.. FIDELE et GENEREUX\u00a0.<\/p>\n<p style=\"color:#682653;font-weight:normal;font-style:normal;text-align:center;\">Un camarade de promotion<\/p>\n<p style=\"color:#682653;font-weight:normal;font-style:normal;text-align:center;\"><em><strong>Et aussi, tant le monde royaliste est riche de fid\u00e9lit\u00e9s<\/strong><\/em><\/p>\n<\/div>\n<div style=\"font-style:normal;\"><strong style=\"font-style:normal;\"><a href=\"https:\/\/charte-fontevrault-providentialisme.fr\/wp-content\/uploads\/2016\/03\/mounet-1.jpg\" rel=\"attachment wp-att-11277\"><img loading=\"lazy\" decoding=\"async\" class=\"alignleft size-full wp-image-11277\" src=\"https:\/\/charte-fontevrault-providentialisme.fr\/wp-content\/uploads\/2016\/03\/mounet-1.jpg\" alt=\"Mounet 1\" width=\"284\" height=\"625\" srcset=\"https:\/\/charte-fontevrault-providentialisme.fr\/wp-content\/uploads\/2016\/03\/mounet-1.jpg 284w, https:\/\/charte-fontevrault-providentialisme.fr\/wp-content\/uploads\/2016\/03\/mounet-1-136x300.jpg 136w\" sizes=\"auto, (max-width: 284px) 100vw, 284px\" \/><\/a>&#8211;<\/strong><span style=\"color:#682653;\">\u00a0Mademoiselle\u00a0<\/span><strong style=\"font-style:normal;\">Arlette MOUNET<\/strong><span style=\"color:#682653;\">,( \u00e0 gauche \u00a0sur \u00a0cette photo du 6 d\u00e9cembre 1980) fid\u00e8le au roi\u00a0 en actes et en pens\u00e9es et\u00a0 qui , jamais, ne rata une des messes c\u00e9l\u00e9br\u00e9es pour le roi en l&#8217;\u00e9glise Saint-Pierre du Queyroix \u00e0 Limoges. Rappel\u00e9e \u00e0 Dieu le 1 er d\u00e9cembre 1995.<\/span><\/div>\n<div style=\"font-style:normal;\"><\/div>\n<div style=\"font-style:normal;\"><span style=\"color:#682653;\">&#8211; Monsieur Ren\u00e9\u00a0<\/span><strong style=\"font-style:normal;\">THERA,<\/strong><span style=\"color:#682653;\">\u00a0tout\u00a0 comme son fr\u00e8re\u00a0<\/span><strong style=\"font-style:normal;\">L\u00e9on ,<\/strong><span style=\"color:#682653;\">\u00a0royaliste s\u00fbr des droits du roi sur la France et\u00a0 qui, r\u00e9guli\u00e8rement, a particip\u00e9, m\u00eame l&#8217;\u00e2ge\u00a0 venu, aux c\u00e9r\u00e9monies comm\u00e9moratives organis\u00e9es \u00e0 Limoges.<\/span><\/div>\n<div style=\"font-style:normal;\"><\/div>\n<div style=\"font-style:normal;\"><span style=\"color:#682653;\">&#8211; Le Docteur\u00a0<\/span><strong style=\"font-style:normal;\">Claude MADOUMIER<\/strong><span style=\"color:#682653;\">\u00a0, chef d&#8217;une\u00a0nombreuse\u00a0famille , profond\u00e9- ment royaliste,\u00a0rappel\u00e9 \u00e0 Dieu\u00a0 le 12 janvier 1999 dont la devise \u00e9tait : &#8221;\u00a0<\/span><em style=\"font-style:normal;\">Gu\u00e9rir parfois,\u00a0 soulager souvent, consoler toujours &#8220;<\/em><span style=\"color:#682653;\">.<\/span><\/div>\n<div style=\"font-style:normal;\"><\/div>\n<div style=\"font-style:normal;\"><span style=\"color:#682653;\">&#8211; Ma\u00eetre\u00a0<\/span><strong style=\"font-style:normal;\">Jacques DALLIER<\/strong><span style=\"color:#682653;\">, que\u00a0 son l\u00e9gitimiste\u00a0 consubstantiel, n&#8217;a jamais emp\u00each\u00e9, depuis sa creuse r\u00e9sidentielle,\u00a0 de s&#8217;interesser aux\u00a0 activit\u00e9s de la Charte de Fontevrault . Rappel\u00e9 \u00e0 Dieu le 17 juin 1999.<\/span><\/div>\n<div style=\"font-style:normal;\"><\/div>\n<div style=\"font-style:normal;\"><span style=\"color:#682653;\">&#8211;\u00a0<\/span><strong style=\"font-style:normal;\">Pierre Dumont-Saint-Priest<\/strong><span style=\"color:#682653;\">, Officier de la L\u00e9gion d\u2019Honneur, Commandeur du M\u00e9rite Agricole, rappel\u00e9 \u00e0 Dieu le 1 er ao\u00fbt 2004 qui n&#8217;avait jamais cess\u00e9 d&#8217;encourager mat\u00e9riellement et humainement\u00a0 le d\u00e9vellopement\u00a0 du royalisme en Limousin<\/span><\/div>\n<div style=\"font-style:normal;\"><\/div>\n<div style=\"font-style:normal;\"><strong style=\"font-style:normal;\">&#8211;<\/strong><span style=\"color:#682653;\">\u00a0Mademoiselle\u00a0<\/span><strong style=\"font-style:normal;\">Agn\u00e8s BLANCHARD,<\/strong><span style=\"color:#682653;\">\u00a0ma\u00a0 cousine (A.T.)\u00a0Fontevriste du 21 janvier 1988 * rappel\u00e9e \u00e0 Dieu le 13 mai 2006.<\/span><br \/>\n<span style=\"color:#682653;\">* donc avant la\u00a0 date de naissance officielle de\u00a0 la Charte de Fontevrault\u00a0 le 25 ao\u00fbt 1988.\u00a0\u00a0 \u00a0\u00a0Elle fut l&#8217;une des\u00a0 deux jeunes personnes\u00a0 qui \u00a0 rencontr\u00e9rent\u00a0 au presbyt\u00e8re de Fontevraud l&#8217;Abbaye, \u00a0en compagnie \u00a0du futur fondateur de la Charte,Alain Texier, Monsieur l&#8217; Abb\u00e9 Pohu- aum\u00f4nier g\u00e9n\u00e9ral fondateur de \u00a0la Charte de Fontevrault &#8211; Charte qui allait \u00a0na\u00eetre de cette rencontre.<\/span><br \/>\n<span style=\"color:#682653;\">\u00a0\u00a0<\/span><em style=\"font-style:normal;\">Pour plus de d\u00e9tails\u00a0 sur cette rencontre,voir :<\/em><br \/>\n<a style=\"font-style:normal;\" href=\"http:\/\/charte.de.fontevrault.over-blog.com\/pages\/31_DE_LA_VIE_DE_LA_CHARTE_Deces_de_M_lAbbe_Pohu_Au-916042.html\">http:\/\/charte.de.fontevrault.over-blog.com\/pages\/31_DE_LA_VIE_DE_LA_CHARTE_Deces_de_M_lAbbe_Pohu_Au-916042.html<\/a><br \/>\n<span style=\"color:#682653;\">Commentaire n\u00b0 9.<\/span><\/div>\n<div style=\"font-style:normal;\"><\/div>\n<div style=\"font-style:normal;\"><strong style=\"font-style:normal;\">&#8211;<\/strong><span style=\"color:#682653;\">\u00a0Ma\u00eetre\u00a0<\/span><strong style=\"font-style:normal;\">CLISSON ,<\/strong><span style=\"color:#682653;\">\u00a0maire \u00a0royaliste de la cit\u00e9 ostensionnaire du Dorat (87) , rappel\u00e9 \u00e0 Dieu le 19 d\u00e9cembre 2007.<\/span><br \/>\n<span style=\"color:#682653;\">\u00a0\u00a0 \u00a0 \u00a0<\/span><em style=\"font-style:normal;\">\u00a0Monsieur le Maire,<br \/>\n<\/em><em style=\"font-style:normal;\">\u00a0\u00a0 \u00a0 Votre\u00a0 Conseil municipal et\u00a0 vous-m\u00eame\u00a0 avez\u00a0\u00a0 bien voulu donner le nom de\u00a0 Bertrand Clisson\u00a0&#8211; votre pr\u00e9d\u00e9cesseur- \u00a0\u00e0 la place des Tilleuls du Dorat. Cette place, magnifiquement\u00a0 situ\u00e9e, qui\u00a0 a \u00e9t\u00e9\u00a0 inaugur\u00e9e le samedi 5 juillet 2008 \u00e0 17 heures t\u00e9moigne\u00a0 de la reconnaissance\u00a0 de\u00a0 votre\u00a0 bonne\u00a0 ville \u00ab\u00a0envers cet\u00a0 homme qui a incarn\u00e9 le Dorat pendant 36 ans\u00a0\u00bb\u00a0 ainsi que\u00a0 vous avez\u00a0 bien voulu l\u2019\u00e9crire dans\u00a0 votre mensuel d\u2019informations g\u00e9n\u00e9rales\u00a0 de juillet 2008. .<br \/>\n<\/em><\/p>\n<p style=\"font-style:normal;\"><em>\u00a0\u00a0\u00a0\u00a0\u00a0\u00a0\u00a0\u00a0\u00a0\u00a0\u00a0 De ce t\u00e9moignage rendu \u00e0 un homme\u00a0 fid\u00e8le\u00a0 \u00e0 un certain nombre\u00a0 d\u2019id\u00e9aux dont\u00a0 son Dieu et\u00a0 son roi, je tiens \u00e0 vous remercier au nom des\u00a0 royalistes Limousins\u00a0 et Marchois.<\/em><\/p>\n<p style=\"font-style:normal;\">\u00a0\u00a0 \u00a0 \u00a0 \u00a0 \u00a0 \u00a0 \u00a0 \u00a0 \u00a0 \u00a0 \u00a0 \u00a0\u00a0\u00a0\u00a0\u00a0\u00a0\u00a0\u00a0\u00a0\u00a0\u00a0\u00a0\u00a0\u00a0\u00a0\u00a0\u00a0\u00a0\u00a0\u00a0\u00a0\u00a0\u00a0\u00a0 \u00a0\u00a0\u00a0\u00a0\u00a0\u00a0\u00a0\u00a0\u00a0\u00a0\u00a0\u00a0\u00a0\u00a0\u00a0\u00a0\u00a0\u00a0\u00a0\u00a0\u00a0\u00a0\u00a0 \u00a0\u00a0Alain TEXIER<br \/>\n<em>F\u00e9d\u00e9ration royaliste Philippe Meynier<\/em><strong><em>.<\/em><\/strong><\/p>\n<ol style=\"font-style:normal;\">\n<li>\u00a0Cette lettre n&#8217;a\u00a0 jamais re\u00e7u , ne serait-ce qu&#8217;un accus\u00e9 de reception..<\/li>\n<\/ol>\n<p><strong style=\"font-style:normal;\">&#8211;<\/strong><span style=\"color:#682653;\">\u00a0Monsieur\u00a0<\/span><strong style=\"font-style:normal;\">Ren\u00e9 BLANC,<\/strong><span style=\"color:#682653;\">\u00a0rappel\u00e9 \u00e0 Dieu le 27 octobre 2008.<\/span><br \/>\n<span style=\"color:#682653;\">Il fut un des \u00a0talentueux lecteurs \u00a0du testament \u00a0du roi Louis XVI en pr\u00e9lude \u00e0 la messe \u00a0du 21 janvier \u00a0c\u00e9l\u00e9br\u00e9e \u00e0 Limoges en l&#8217;\u00e9glise Saint-Pierre-du-Queyroix pour le roi et pour la France. Il fut aussi un des piliers des\u00a0\u00a0 envois en nombre de nos documents fontevristes<br \/>\n<\/span><\/p>\n<p><strong style=\"font-style:normal;\">&#8211;<\/strong><span style=\"color:#682653;\">\u00a0Madame\u00a0<\/span><strong style=\"font-style:normal;\">Yseult du CRAY n\u00e9e \u00a0de Montaignac de Chauvance ,<\/strong><span style=\"color:#682653;\">Fontevriste du 9 septembre 1996 ,\u00a0rappel\u00e9e \u00e0 Dieu le 17 d\u00e9cembre 2008.<\/span><br \/>\n<span style=\"color:#682653;\">\u00a0\u00a0 \u00a0 \u00a0 \u00a0\u00a0Tant \u00a0qu&#8217;elle le put , elle \u00a0servit Dieu et \u00a0le roi et les pauvres \u00a0et \u00a0puis, devant\u00a0 rendre \u00a0les armes \u00e0 la maladie, elle \u00a0ne put plus \u00a0que servir Dieu seul. Elle le fit \u00a0sans \u00a0\u00e9tat d&#8217;\u00e2me sachant \u00a0bien qu&#8217;en Lui, tout \u00e9tait \u00a0r\u00e9capitul\u00e9.<\/span><\/p>\n<p><span style=\"color:#682653;\">&#8211; Monsieur\u00a0<\/span><strong style=\"font-style:normal;\">Jean-Fran\u00e7ois BERTRAND,<\/strong><span style=\"color:#682653;\">\u00a0Fontevriste du 12 juin 1990,rappel\u00e9 \u00e0 Dieu entre\u00a0 le 1 er septembre\u00a0 2008 et le 1 er juillet 2009<\/span><strong style=\"font-style:normal;\"><br \/>\n<\/strong><span style=\"color:#682653;\">\u00a0\u00a0C&#8217;est par le retour du courrier\u00a0 qui lui \u00e9tait adress\u00e9 pour l&#8217;inviter aux rencontres de Fontevraud de 2009 que nous avons appris le d\u00e9c\u00e9s de\u00a0Monsieur Bertrand &#8211; de son v\u00e9ritable nom : Ren\u00e9 Pich\u00e8ne- qui avait\u00a0 bien voulu honorer de sa pr\u00e9sence, en compagnie de son \u00e9pouse,\u00a0 nos Rencontres en Val de Loire, en l&#8217;abbaye royale de Fontevraud,\u00a0\u00e0 de nombreuses reprises . \u00a0 \u00a0 \u00a0 \u00a0 \u00a0 \u00a0 \u00a0 \u00a0 \u00a0 \u00a0 \u00a0 \u00a0 \u00a0 \u00a0 \u00a0 \u00a0 \u00a0 \u00a0 \u00a0 \u00a0 \u00a0 \u00a0 \u00a0 \u00a0 \u00a0 \u00a0 \u00a0 \u00a0 \u00a0 \u00a0 \u00a0 \u00a0 \u00a0 \u00a0 \u00a0 \u00a0 \u00a0 \u00a0<\/span><em>\u00a0 Jean-Fran\u00e7ois Bertrand\u00a0 \u00e9tait\u00a0 l&#8217;auteur des\u00a0 ouvrages rappel\u00e9s\u00a0 ci-dessous :<\/em><\/p>\n<\/div>\n<div style=\"color:#682653;font-weight:normal;\"><em style=\"font-style:normal;\">1.\u00a0Pour Une Cit\u00e9 Plus Harmonieuse.<\/em><br \/>\nEditeur : Lettres Du Monde &#8211; Date : 1989<br \/>\n2.<em style=\"font-style:normal;\">D\u00e9mocratie Totale<\/em>.<br \/>\nEditeur : Lettres Du Monde &#8211; Date : janvier 1990<br \/>\n3<em style=\"font-style:normal;\">.La Guerre, Toujours La Guerre.<\/em><br \/>\nEditeur : P. Saurat &#8211; Date : janvier 1988<br \/>\n4.Monarchie Chretienne.<br \/>\nEditeur : Lettres Du Monde &#8211; Date : 1991<\/div>\n<div style=\"color:#682653;font-weight:normal;\"><\/div>\n<div style=\"color:#682653;font-weight:normal;\">\n<p>&#8211; Monsieur<strong> ALLARD-MEEUS<\/strong>\u00a0rappel\u00e9 \u00e0 Dieu\u00a0 le 24 mars 2010<\/p>\n<p style=\"font-style:normal;\">\u00a0\u00a0\u00a0\u00a0J\u2019ai fait la\u00a0 connaissance de Monsieur Allard-M\u00e9\u00e9us,\u00a0 il y a plus de\u00a0 dix ans , dans d<em>es\u00a0 circonstances\u00a0 qui \u00e9taient\u00a0 dramatiques pour la Charte de Fontevrault et\u00a0 que je\u00a0 dois\u00a0 \u00e0 l&#8217;histoire de notre mouvement\u00a0 royaliste\u00a0 providentialiste de rappeler.<\/em><\/p>\n<p style=\"font-style:normal;\"><em>\u00a0\u00a0\u00a0 Monsieur le Cur\u00e9 charg\u00e9 de la desserte de l\u2019\u00e9glise\u00a0 Saint-Michel de Fontevraud\u00a0 &#8211; qui n\u2019\u00e9tait pas le m\u00eame\u00a0 qu\u2019aujourd\u2019hui- nous avait\u00a0 fait\u00a0 savoir \u00a0 \u00a0 \u00a0 <\/em><\/p>\n<p style=\"font-style:normal;\"><em>\u00a0&#8211; que l\u2019\u00e9glise du bourg\u00a0 \u00e9tait \u00e0 notre disposition pour\u00a0\u00a0 qu\u2019y soit\u00a0 c\u00e9l\u00e9br\u00e9e la messe de nos rencontres annuelles<\/em><\/p>\n<p style=\"font-style:normal;\"><em>&#8211; mais\u00a0 qu\u2019il n\u2019\u00e9tait pas\u00a0 envisageable que le\u00a0 rite de cette\u00a0 c\u00e9r\u00e9monie religieuse\u00a0 soit le\u00a0 rite\u00a0 dit\u00a0 de saint pie V, rebaptis\u00e9 aujourd\u2019hui \u00ab\u00a0 rite extraordinaire\u00a0\u00bb<\/em><\/p>\n<p style=\"font-style:normal;\"><em>\u00a0\u00a0\u00a0 La Charte de Fontevraud pris alors la d\u00e9cision, oh\u00a0 combien douloureuse ! de\u00a0 ne plus faire c\u00e9l\u00e9brer la messe de ses\u00a0 Rencontres annuelles\u00a0 en \u00a0\u00ab\u00a0son\u00a0\u00bb \u00e9glise\u00a0 de Fontevraud, o\u00f9 elle avait pourtant , gr\u00e2ce \u00e0 son aum\u00f4nier g\u00e9n\u00e9ral fondateur, Monsieur l&#8217;Abb\u00e9 Pohu,\u00a0 ses pieuses\u00a0 attaches\u00a0 depuis plus de quinze ans ,mais alors o\u00f9 aller\u00a0?<\/em><\/p>\n<p style=\"font-style:normal;\"><em>\u00a0\u00a0 Ce fut alors que des amis royalistes\u00a0 tradis me permirent de\u00a0 faire la connaissance de Monsieur Lionel Allard-M\u00e9\u00e9us. Celui-ci mit \u00e0 notre disposition son carnet d\u2019adresses\u00a0 et sa parfaite connaissance\u00a0 du milieu religieux de la r\u00e9gion de Fontevraud. S\u2019en suivirent des \u00e9changes\u00a0 tendus, mais\u00a0 toujours fraternels tant avec le milieu saint Pie X de la Fraternit\u00e9 de Saumur qu\u2019avec\u00a0 le\u00a0 clerg\u00e9\u00a0 \u00ab\u00a0officiel\u00a0\u00bb<\/em><\/p>\n<p style=\"font-style:normal;\"><em>\u00a0\u00a0\u00a0\u00a0Sans la\u00a0 compr\u00e9hension de ces personnes et je\u00a0 garde une reconnaissance\u00a0 toute particuli\u00e8re \u00e0 Messieurs\u00a0 les abb\u00e9s\u00a0 Duthilleul (\u00e0 l\u2019\u00e9poque Saint Pie X de Saumur) et\u00a0 Jehan de Dur\u00e2t (Aum\u00f4nier g\u00e9n\u00e9ral de la charte\u00a0 de\u00a0 Fontevrault)\u00a0&#8211; et au Colonel Le Meur\u00a0 et\u00a0 \u00e0 sa petite \u00e9quipe, nous n\u2019aurions pas trouv\u00e9 de solution, Mais je le redis, sans Monsieur\u00a0 Allard-M\u00e9\u00e9us rien de tout\u00a0 cela n\u2019aurait \u00e9t\u00e9 assur\u00e9ment possible.<\/em><\/p>\n<p style=\"font-style:normal;\"><em>\u00a0\u00a0 Et\u00a0 qu\u2019est-il advenu de\u00a0 nos n\u00e9gociations\u00a0?<\/em><\/p>\n<p style=\"font-style:normal;\"><em>La chapelle de\u00a0 Notre-Dame de Gu\u00e9rison\u00a0 sise \u00e0 Russ\u00e9\u00a0 , 2,5 Km au sud du Bourg, et \u00e0 une petite quinzaine de Km au Nord\u00a0 de Fontevraud pouvait d\u00e9sormais accueillir notre messe du 25 ao\u00fbt<\/em><\/p>\n<p style=\"font-style:normal;\"><em>Cette messe\u00a0 serait\u00a0 c\u00e9l\u00e9br\u00e9e en rite dit aujourd\u2019hui extraordinaire , mais elle le serait\u00a0 par\u00a0 notre aum\u00f4nier g\u00e9n\u00e9ral dot\u00e9\u00a0 du celebret &#8211; Certificat\u00a0 sign\u00e9\u00a0 de l&#8217;autorit\u00e9\u00a0 eccl\u00e9siastique, que doit\u00a0 pr\u00e9senter\u00a0 un pr\u00eatre\u00a0 pour pouvoir\u00a0 c\u00e9l\u00e9brer\u00a0 une messe\u00a0 dans une paroisse\u00a0 qui n&#8217;est pas la\u00a0 sienne- n\u00e9cessaire.<\/em><\/p>\n<p style=\"font-style:normal;\"><em>Ainsi\u00a0 f\u00fbt fait\u00a0 , de nombreuses\u00a0 ann\u00e9es, jusqu\u2019\u00e0 ce que, la situation \u00e9voluant, notre Gouverneur de la charte de Fontevrault ,Ir\u00e8ne Pincemaille,\u00a0 obtienne \u00e0 force de\u00a0 douceur et de persuasion des\u00a0 autorit\u00e9s\u00a0 eccl\u00e9siastiques la permission r\u00e9cente\u00a0 de faire\u00a0 c\u00e9l\u00e9brer \u00e0 nouveau\u00a0\u00a0 la messe\u00a0\u00a0 en rite extraordinaire\u00a0 dans la \u00ab\u00a0chapelle-n\u00e9e\u00a0\u00bb des Fontevristes au c\u0153ur du bourg de Fontevraud-l\u2019abbaye.<\/em><\/p>\n<p style=\"font-style:normal;\"><em>\u00a0\u00a0 Je\u00a0 vais\u00a0 garder\u00a0 en mon c\u0153ur le souvenir radieux de Monsieur Allard-Meeus et\u00a0 de son \u00e9pouse\u00a0 nous accueillant\u00a0 dans le salon de leur\u00a0 gentilhommi\u00e8re\u00a0 lig\u00e9rienne et\u00a0 m\u2019\u00e9coutant parler\u00a0 de Dieu et\u00a0 du roi, nous qui ne nous\u00a0 connaissions que depuis quelques semaines \u00e0 l\u2019\u00e9poque.<\/em><\/p>\n<p style=\"font-style:normal;\"><em>\u00a0\u00a0\u00a0 Afin que tout\u00a0 cela se termine\u00a0\u00a0 bien et le plus vite possible, la Charte de Fontevrault\u00a0 va demander \u00e0 son Aum\u00f4nier g\u00e9n\u00e9ral de\u00a0 faire\u00a0 c\u00e9l\u00e9brer une messe pour le repos\u00a0 de l\u2019\u00e2me de notre bienfaiteur.<\/em><\/p>\n<p style=\"font-style:normal;\"><em>La messe des obs\u00e8ques\u00a0 a\u00a0 \u00e9t\u00e9 c\u00e9l\u00e9br\u00e9e en rite traditionnel\u00a0 en\u00a0 l\u2019\u00e9glise de Brain-sur-Allonnes le\u00a0 Samedi 27 mars 2010\u00a0 \u00e0 10h00\u00a0 par M. l\u2019Abb\u00e9 Fr. P\u00e9zerat<\/em><\/p>\n<p style=\"font-style:normal;\"><em>\u00a0\u00a0\u00a0Je demande \u00e0 tous\u00a0 ceux\u00a0 qui prendront\u00a0 connaissance\u00a0 de cet article de\u00a0 bien vouloir faire une pri\u00e8re aux intentions de Monsieur Allard-M\u00e9\u00e9us , de qui nous avons tant re\u00e7u, et de\u00a0 sa\u00a0 famille.<\/em><\/p>\n<p style=\"font-style:normal;\">\u00a0\u00a0\u00a0\u00a0\u00a0\u00a0\u00a0\u00a0\u00a0\u00a0\u00a0\u00a0\u00a0\u00a0\u00a0\u00a0\u00a0\u00a0\u00a0\u00a0\u00a0\u00a0\u00a0\u00a0\u00a0\u00a0\u00a0\u00a0\u00a0\u00a0\u00a0\u00a0\u00a0\u00a0\u00a0\u00a0\u00a0\u00a0\u00a0\u00a0\u00a0\u00a0\u00a0\u00a0\u00a0\u00a0\u00a0\u00a0\u00a0\u00a0\u00a0\u00a0\u00a0\u00a0\u00a0\u00a0\u00a0\u00a0\u00a0\u00a0\u00a0\u00a0\u00a0\u00a0\u00a0 Alain TEXIER<\/p>\n<p style=\"font-style:normal;\">\u00a0&#8211; Monsieur\u00a0<strong>Alphonse STURER<\/strong>\u00a0rappel\u00e9 \u00e0 Dieu le 1 er mai 2011, Fontevriste du 14 juin 1993, et fid\u00e8le \u00e0 la Charte de Fontevrault tant\u00a0 que la vie lui apermis de l&#8217;\u00eatre. Nous empruntons\u00a0 \u00e0 Lectures Fran\u00e7aises de novembre 2011 qui lui a\u00a0 consacr\u00e9 une notice p. 33\u00a0 ces\u00a0 quelques lignes: &#8220;<em>Une nation survit\u00a0 \u00e0 une d\u00e9faite militaire\u00a0 et m\u00eame \u00e0 plusieurs, elle ne survit pas\u00a0 \u00e0 une d\u00e9faite\u00a0 culturelle<\/em>&#8221; en souhaitant que, pour une fois, le professeur Sturer\u00a0 ait \u00e9t\u00e9 mauvais proph\u00e8te.<\/p>\n<p style=\"font-style:normal;\">&#8211; Monsieur\u00a0<strong>Bernard DAUGAN<\/strong>, membre de l&#8217;\u00e9quipe de routage de Limoges, rappel\u00e9 \u00e0 Dieu le\u00a0 19 d\u00e9cembre 2011.<\/p>\n<p style=\"font-style:normal;\">\u00a0 &#8220;<em>j&#8217;ai le triste\u00a0 devoir\u00a0 de\u00a0 vous\u00a0\u00a0 transmettre l&#8217;annonce du d\u00e9c\u00e9s\u00a0 de Bernard Daugan\u00a0 que m&#8217; a communiqu\u00e9 ce matin le colonel Alain Rougevin-B\u00e2ville. Peut \u00eatre n&#8217;\u00e9tiez-vous pas au\u00a0 courant\u00a0 de la tr\u00e9s grave maladie\u00a0 dont\u00a0 souffrait Bernard\u00a0 depuis quelques mois .<\/em><br \/>\n<em>\u00a0\u00a0 Depuis\u00a0 qu&#8217;il avait la certitude d&#8217;une issue fatale , Bernard avait tenu\u00a0 \u00e0 maintenir la pr\u00e9sence\u00a0 divine\u00a0 dans\u00a0 sa vie de\u00a0 Foi , vie nourrie par de fr\u00e9quents entretiens spiriituels avec des pr\u00eatres de la Fraternit\u00e9 de la Transfiguration et la r\u00e9ception\u00a0 de l&#8217; Extr\u00eame onction.<\/em><br \/>\n<em>\u00a0 Pour l&#8217;avoir\u00a0 eu , \u00e0 plusieurs occasions,\u00a0 au t\u00e9l\u00e9phone ces deux derniers mois , je peux\u00a0 vous dire\u00a0 qu&#8217;il mettait\u00a0 tous ses amis &#8211; donc vous\u00a0 qui l&#8217;aviez rencontr\u00e9 \u00e0 de nombreuses reprises lors\u00a0 de\u00a0 nos activit\u00e9s militantes &#8211; dans\u00a0 ses pri\u00e8res. Je ne\u00a0 doute\u00a0 donc pas , qu&#8217;\u00e0 votre tour, vous aurez \u00e0 coeur de prier pour lui et pour sa famille\u00a0 confront\u00e9s\u00a0 maintenant pleinement \u00e0 un drame annonc\u00e9&#8221;.<\/em><\/p>\n<p style=\"font-style:normal;\">\u00a0\u00a0\u00a0\u00a0\u00a0\u00a0\u00a0\u00a0\u00a0\u00a0\u00a0\u00a0\u00a0\u00a0\u00a0\u00a0\u00a0\u00a0\u00a0\u00a0\u00a0\u00a0\u00a0\u00a0\u00a0\u00a0\u00a0\u00a0\u00a0\u00a0\u00a0\u00a0\u00a0\u00a0\u00a0\u00a0\u00a0\u00a0\u00a0\u00a0\u00a0\u00a0\u00a0\u00a0\u00a0\u00a0\u00a0\u00a0\u00a0\u00a0\u00a0\u00a0\u00a0\u00a0\u00a0\u00a0\u00a0\u00a0\u00a0\u00a0\u00a0\u00a0\u00a0\u00a0\u00a0 Alain TEXIER<\/p>\n<p style=\"font-style:normal;\"><strong style=\"font-style:normal;\">&#8211;<\/strong><span style=\"color:#682653;\"> J&#8217;ai connu beaucoup de <\/span><strong style=\"font-style:normal;\">Marie BOURGINE\u00a0<\/strong><span style=\"color:#682653;\"> dans ma vie\u00a0 militante, celle-ci\u00a0 , prototype d&#8217;un grand nombre de royalistes fid\u00e8les \u00e0 leur Dieu et \u00e0 leur roi, a \u00e9t\u00e9 rappel\u00e9e \u00e0 Dieu en juin 2012. D&#8217;une grande discr\u00e9tion , elle n&#8217;h\u00e9sitait pourtant pas , par\u00a0 ses dons financier, \u00e0 permettre la venue \u00e0 nos r\u00e9unions d&#8217;une personne moins argent\u00e9e\u00a0 quelle, personne\u00a0 dont elle me\u00a0 laissait la libert\u00e9 de choix.<br \/>\n<\/span><\/p>\n<p style=\"font-style:normal;text-align:left;\">&#8211; Madame <strong>Mireille MADOUMIER<\/strong>\u00a0, veuve\u00a0<strong><span class=\"Apple-style-span\">\u00a0<\/span><\/strong><span class=\"Apple-style-span\">du Docteur\u00a0<\/span><span class=\"Apple-style-span\">Claude MADOUMIER\u00a0, dont le \u00a0souvenir \u00a0a \u00e9t\u00e9 rappel\u00e9 \u00a0dans \u00a0les lignes qui pr\u00e9c\u00e9dent,\u00a0rappel\u00e9e \u00e0 Dieu\u00a0 le 30 mars 2014. \u00a0 \u00a0 \u00a0 \u00a0 \u00a0 \u00a0 \u00a0 \u00a0 \u00a0 \u00a0 \u00a0 \u00a0 \u00a0 \u00a0 \u00a0 \u00a0 \u00a0 \u00a0 \u00a0 \u00a0 \u00a0 \u00a0 \u00a0 \u00a0 \u00a0 \u00a0 \u00a0 \u00a0 \u00a0 \u00a0 \u00a0 \u00a0 \u00a0 \u00a0 \u00a0 \u00a0 \u00a0 \u00a0 \u00a0 \u00a0 \u00a0 \u00a0 \u00a0 \u00a0 \u00a0 \u00a0 \u00a0 \u00a0 \u00a0 \u00a0 \u00a0 \u00a0 \u00a0 \u00a0 \u00a0 <em>Mireille qui n&#8217;avait jamais rien refus\u00e9 ni \u00e0 Dieu \u00a0ni au roi dans les services \u00a0qu&#8217;elle entendait bien leur rendre n&#8217;avait pas m\u00e9nag\u00e9 non plus sa \u00a0gentillesse et sa serviablit\u00e9 au b\u00e9n\u00e9fice de la Charte de Fontevrault. C&#8217;est ainsi qu&#8217;elle organisa \u00a0un m\u00e9morable Vendredi saint ( Mais que l&#8217;on se rassure, le Champagne n&#8217;y fut servi que pass\u00e9 minuit ) \u00a0une rencontre en sa maison familliale \u00a0avec M. Jean Auguy, distingu\u00e9 \u00a0fondateur des \u00e9ditions de Chir\u00e9 -en-Montreuil (DPF). De ce \u00a0jour \u00a0datent des relations \u00a0de \u00a0confiance et d&#8217;estime \u00a0; j&#8217;ose le dire, qui ne se sont \u00a0jamais d\u00e9menties et \u00a0qui sont r\u00e9guli\u00e8rement revivifi\u00e9es entre DPF et la Charte lors des Journ\u00e9es Chouanes du premier dimanche de septembre en Poitou.<\/em><\/span><\/p>\n<\/div>\n<\/div>\n<\/div>\n<\/div>\n<\/div>\n<\/div>\n<\/div>\n<\/div>\n","protected":false},"excerpt":{"rendered":"<p>Monsieur l&#8217;Abb\u00e9 Pohu c\u00e9l\u00e9brant le Saint Sacrifice de la Messe &#8212;- Obituaire.\u00a0 \u00a0\u00a0\u00a0\u00a0&#8220;On appelle\u00a0obituaires ou n\u00e9crologes des registres, en forme de calendriers, o\u00f9 les communaut\u00e9s religieuses du Moyen \u00e2ge inscrivaient&#8230; <a href=\"https:\/\/charte-fontevrault-providentialisme.fr\/index.php\/ch-obituaire-de-la-charte-de-fontevrault-deces-de-m-labbe-pohu-aumonier-general-de-la-charte-de-fontevrault-rip-quils-reposent-en-paix\/\">Cliquez pour lire davantage &raquo;<\/a><\/p>\n","protected":false},"author":5,"featured_media":0,"parent":0,"menu_order":0,"comment_status":"open","ping_status":"open","template":"","meta":{"footnotes":""},"class_list":["post-25","page","type-page","status-publish","hentry"],"_links":{"self":[{"href":"https:\/\/charte-fontevrault-providentialisme.fr\/index.php\/wp-json\/wp\/v2\/pages\/25","targetHints":{"allow":["GET"]}}],"collection":[{"href":"https:\/\/charte-fontevrault-providentialisme.fr\/index.php\/wp-json\/wp\/v2\/pages"}],"about":[{"href":"https:\/\/charte-fontevrault-providentialisme.fr\/index.php\/wp-json\/wp\/v2\/types\/page"}],"author":[{"embeddable":true,"href":"https:\/\/charte-fontevrault-providentialisme.fr\/index.php\/wp-json\/wp\/v2\/users\/5"}],"replies":[{"embeddable":true,"href":"https:\/\/charte-fontevrault-providentialisme.fr\/index.php\/wp-json\/wp\/v2\/comments?post=25"}],"version-history":[{"count":0,"href":"https:\/\/charte-fontevrault-providentialisme.fr\/index.php\/wp-json\/wp\/v2\/pages\/25\/revisions"}],"wp:attachment":[{"href":"https:\/\/charte-fontevrault-providentialisme.fr\/index.php\/wp-json\/wp\/v2\/media?parent=25"}],"curies":[{"name":"wp","href":"https:\/\/api.w.org\/{rel}","templated":true}]}}